{"id":412,"date":"2018-02-08T13:51:41","date_gmt":"2018-02-08T12:51:41","guid":{"rendered":"http:\/\/eromakia.fr\/?page_id=412"},"modified":"2021-03-16T09:02:03","modified_gmt":"2021-03-16T08:02:03","slug":"neo-feminisme-et-islamisme-les-convergences","status":"publish","type":"page","link":"https:\/\/eromakia.fr\/index.php\/neo-feminisme-et-islamisme-les-convergences\/","title":{"rendered":"N\u00e9o-f\u00e9minisme et islamisme : les convergences"},"content":{"rendered":"<p>* La premi\u00e8re publication de\u00a0cet article\u00a0date de f\u00e9vrier 2018. A l&rsquo;\u00e9poque, commen\u00e7ant \u00e0 en lister les \u00ab\u00a0signaux faibles\u00a0\u00bb, je n&rsquo;osais croire moi-m\u00eame \u00e0 la profondeur et au s\u00e9rieux des convergences entre n\u00e9o-f\u00e9ministes et islamistes.\u00a0Deux ans plus tard (f\u00e9vrier 2020), \u00ab\u00a0<a href=\"https:\/\/www.fdesouche.com\/1334249-eric-zemmour-denonce-la-lachete-des-neo-feministes-dans-laffaire-mila-le-patriarcat-honni-est-seulement-celui-du-male-blanc\">l&rsquo;affaire Mila<\/a>\u00a0\u00bb\u00a0vient de jeter une lumi\u00e8re crue sur la r\u00e9alit\u00e9 de cette inqui\u00e9tude. Plus personne\u00a0d\u00e9sormais\u00a0ne peut ignorer la l\u00e2chet\u00e9 et la\u00a0 d\u00e9mission des associations f\u00e9ministes, <em>Osez le f\u00e9minisme<\/em> (ou plut\u00f4t \u00ab\u00a0<em>Osez l&rsquo;islamo-f\u00e9minisme<\/em>\u00ab\u00a0)\u00a0en t\u00eate.<\/p>\n<p style=\"text-align: center;\">*<\/p>\n<p>J\u2019entame cette petite r\u00e9flexion qui pourra s&rsquo;\u00e9toffer au fil du temps. Comme il m\u2019appara\u00eet de plus en plus de convergences entre ces deux id\u00e9ologies, je vais tenter de les lister pour montrer combien ce qui est pr\u00e9sent\u00e9 comme progressiste (le f\u00e9minisme) s\u2019apparente involontairement (mais pas toujours) \u00e0 des choses qui le sont nettement moins.<\/p>\n<p>1. Qu&rsquo;ils soient politiques, universitaires, associatifs ou m\u00e9diatiques,<strong> tous les islamo-gauchistes communient au n\u00e9o-f\u00e9minisme<\/strong> (<em>Mediapart<\/em>, C. Autain, les partis d&rsquo;extr\u00eame gauche&#8230;) ; ce qui peut d\u00e9j\u00e0 nous mettre la puce \u00e0 l&rsquo;oreille quant \u00e0 une subliminale plate-forme commune id\u00e9ologique \u2013 la ligne dite de la \u201cconvergence des luttes\u201d (R. Diallo\/D . Obono\/C. de Haas&#8230;) en \u00e9tant la manifestation la plus visible.<br \/>\n[Attention, l&rsquo;inverse est faux : tous les n\u00e9o-f\u00e9ministes ne sont pas islamo-gauchistes, loin s&rsquo;en faut : C. Fourest, Femen, etc.]<\/p>\n<p>2. <strong>La morale sexuelle et <a href=\"https:\/\/eromakia.fr\/index.php\/lunivers-feministe\/\">l&rsquo;obsession sexuelle<\/a><\/strong> sont leurs piliers communs. Leur cerveau est rempli dans les deux cas d&rsquo;images sexuelles \u2013 \u00e0 base de frustration c\u00f4t\u00e9 islam\u00a0(mais aussi <a href=\"https:\/\/eromakia.fr\/index.php\/2019\/02\/05\/fascination_phallique_chez_feministes\/\">c\u00f4t\u00e9 f\u00e9ministe<\/a>) et de <a href=\"https:\/\/eromakia.fr\/index.php\/le-fantasme-de-la-culture-du-viol\/\">\u00ab\u00a0culture du viol\u00a0\u00bb<\/a> , d&rsquo;attouchements et d&rsquo;insupportables blagues sexistes, sans parler de <a href=\"https:\/\/www.valeursactuelles.com\/societe\/les-feministes-ne-veulent-plus-des-cartes-postales-avec-des-filles-nues-97884\">l&rsquo;offensive\u00a0men\u00e9e\u00a0en ao\u00fbt 2018 contre les cartes postales<\/a>\u00a0\u2013 c\u00f4t\u00e9 nouvelles m\u00e8res-la-pudeur et n\u00e9o-bigotes aigries. L\u2019islam ne condamne pas le d\u00e9sir h\u00e9t\u00e9rosexuel mais l\u2019encadre autoritairement. Le n\u00e9o-f\u00e9minisme r\u00eave secr\u00e8tement de l\u2019\u00e9radiquer (ex : <a href=\"https:\/\/www.buzzfeed.com\/stephanieanderson\/rose-mcgowan-vmas-queen?utm_term=.enkBB7d2n#.piX33WYX5\">actrices f\u00e9ministes am\u00e9ricaines presque nues reprochant ensuite aux hommes de les d\u00e9sirer<\/a>\u00a0; <a href=\"https:\/\/eromakia.fr\/index.php\/2019\/07\/26\/feminisme-trash-la-haine-de-la-beaute\/\">attaques continuelles contre la f\u00e9minit\u00e9 et le d\u00e9sir masculin<\/a>) et cherche \u00e0 instaurer une <a href=\"https:\/\/www.huffingtonpost.fr\/odile-buisson\/signataire-de-la-tribune-des-100-femmes-du-monde-voici-pourquoi-je-suis-contre-la-police-des-conduites-sexuelles_a_23333540\/\">police des conduites sexuelles<\/a>.<\/p>\n<p>3. Leur objectif commun est de <strong>soumettre le sexe oppos\u00e9<\/strong>. On conna\u00eet le point de vue de l\u2019islam sur la femme. Le n\u00e9o-f\u00e9minisme pr\u00e9tend pour sa part d\u00e9fendre l\u2019\u00e9galit\u00e9 entre les sexes \u2013 mais quand on tra\u00eene des hommes dans la boue <a href=\"http:\/\/www.lepoint.fr\/actualites-lepoint\/l-edifiante-histoire-du-premier-porc-17-01-2018-2187540_2533.php?boc=1095602&amp;m_i=vHKtzVRjezStd9UnWfNthh3mEctrZ%2B6KNj%2BfHa7Gdxmw9pOgy0O3ihtZoTdG3aqBFrqT2AVERuFxLjDhiuX7LDBH428bvr&amp;M_BT=538849162765#xtor=EPR-6-[Newsletter-Matinale]-20180122\">au m\u00e9pris du droit<\/a> (#metoo ; #balancetonporc) ou qu\u2019on <a href=\"http:\/\/www.lefigaro.fr\/vox\/societe\/2018\/01\/16\/31003-20180116ARTFIG00398-guillaume-perrault-polemique-sur-le-harcelement-les-hommes-attendaient-que-des-femmes-les-secourent.php\">disqualifie, voire interdit<\/a> syst\u00e9matiquement la parole des hommes sur la base de leur sexe, on n\u2019est plus dans l\u2019\u00e9galit\u00e9. La misandrie est d\u00e9sormais libre et <a href=\"http:\/\/dixquatre.com\/2018\/01\/une-editrice-du-huffington-post-appelle-a-tuer-tous-les-hommes\/\">d\u00e9complex\u00e9e comme ici<\/a> et les <a href=\"https:\/\/twitter.com\/MartinDaubney\/status\/955079644797169664\">exemples de ce genre<\/a> abondent.<\/p>\n<p>4.<strong> La<\/strong> <strong>r\u00e9pression des conduites sexuelles<\/strong> est un objectif commun. L\u2019islam d\u00e9roule ses interdits et ses prescriptions ; le n\u00e9o-f\u00e9minisme entend criminaliser toute expression du d\u00e9sir masculin et \u00e0 terme f\u00e9minin, car son id\u00e9al est d\u2019aseptiser puis de judiciariser la rencontre amoureuse, comme avec ces <a href=\"https:\/\/www.franceinter.fr\/emissions\/c-est-deja-demain\/c-est-deja-demain-16-janvier-2018\">applications mobiles<\/a> ou ces<a href=\"http:\/\/www.cosmopolitan.fr\/,le-contrat-sexuel-nouvelle-tendance-des-campus-americains,1921889.asp\"> contrats pour le consentement sexuel<\/a>. Les deux id\u00e9ologies entendent bien mettre en coupe r\u00e9gl\u00e9e la sexualit\u00e9 de tout le monde. Une n\u00e9o-f\u00e9ministe du genre telle que Joan Scott nous explique d\u2019ailleurs que d\u00e9fendre la galanterie \u00e0 la fran\u00e7aise ou l<a href=\"http:\/\/www.liberation.fr\/debats\/2018\/01\/26\/joan-scott-la-seduction-comme-trait-d-identite-nationale-francaise-est-un-mythe_1625437\">a libert\u00e9 sexuelle est islamophobe<\/a>.<\/p>\n<p>5. <strong>La s\u00e9gr\u00e9gation entre les sexes dans l&rsquo;espace public et dans l\u2019entreprise<\/strong> est une cons\u00e9quence commune. Les deux id\u00e9ologies r\u00e9clament des <a href=\"https:\/\/www.20minutes.fr\/monde\/1819203-20160404-allemagne-contre-harcelement-wagons-bientot-reserves-femmes\">wagons<\/a>, des <a href=\"http:\/\/www.leparisien.fr\/mantes-la-jolie-78200\/mantes-la-jolie-des-creneaux-reserves-aux-femmes-a-la-piscine-04-01-2016-5420731.php\">piscines<\/a>, des espaces r\u00e9serv\u00e9s aux femmes.<\/p>\n<p><a href=\"https:\/\/eromakia.fr\/wp-content\/uploads\/2018\/02\/Piscine.jpg\"><img loading=\"lazy\" decoding=\"async\" class=\"alignnone wp-image-3580 size-medium\" src=\"https:\/\/eromakia.fr\/wp-content\/uploads\/2018\/02\/Piscine-300x300.jpg\" alt=\"\" width=\"300\" height=\"300\" srcset=\"https:\/\/eromakia.fr\/wp-content\/uploads\/2018\/02\/Piscine-300x300.jpg 300w, https:\/\/eromakia.fr\/wp-content\/uploads\/2018\/02\/Piscine-150x150.jpg 150w, https:\/\/eromakia.fr\/wp-content\/uploads\/2018\/02\/Piscine-768x768.jpg 768w, https:\/\/eromakia.fr\/wp-content\/uploads\/2018\/02\/Piscine-100x100.jpg 100w, https:\/\/eromakia.fr\/wp-content\/uploads\/2018\/02\/Piscine.jpg 960w\" sizes=\"auto, (max-width: 300px) 100vw, 300px\" \/><\/a><\/p>\n<p>Comme dans les meilleures monarchies p\u00e9troli\u00e8res, les f\u00e9ministes pr\u00e9conisent la <a href=\"https:\/\/nypost.com\/2018\/02\/03\/a-male-backlash-against-metoo-is-brewing\/\">non-mixit\u00e9 dans les entreprises<\/a>.\u00a0R\u00e9sultat : de crainte de subir un harc\u00e8lement \u00e0 la #<em>Metoo<\/em>, <a href=\"https:\/\/www.francetvinfo.fr\/replay-radio\/c-est-mon-boulot\/aux-etats-unis-apres-metoo-de-plus-en-plus-d-hommes-n-osent-plus-travailler-avec-des-femmes_3433255.html\">les hommes pr\u00e9f\u00e8rent d\u00e9sormais\u00a0travailler entre hommes et fuient les femmes comme la peste !<\/a>\u00a0Les f\u00e9ministes sont en train de saboter les carri\u00e8res des autres femmes, comme on pouvait s&rsquo;y attendre.<\/p>\n<p><span style=\"font-size: 1rem;\">.\u00a0<\/span><a style=\"font-size: 1rem;\" href=\"https:\/\/www.presseocean.fr\/actualite\/nantes-quel-est-ce-panneau-qui-separe-hommes-et-femmes-sur-le-trottoir-23-11-2018-287584\">\u00c0 Nantes en novembre 2018, Johanna Rolland, maire socialisto-f\u00e9ministe \u00e0 la cervelle fondue copule avec l&rsquo;id\u00e9ologie islamiste<\/a><span style=\"font-size: 1rem;\"> sans m\u00eame s&rsquo;en rendre compte en pr\u00f4nant la s\u00e9gr\u00e9gation sexuelle dans l&rsquo;espace public. Honte \u00e0 elle.<\/span><\/p>\n<figure id=\"attachment_2038\" aria-describedby=\"caption-attachment-2038\" style=\"width: 264px\" class=\"wp-caption alignnone\"><a href=\"https:\/\/eromakia.fr\/wp-content\/uploads\/2018\/02\/Nantes_22-12-18.jpg\"><img loading=\"lazy\" decoding=\"async\" class=\"size-medium wp-image-2038\" src=\"https:\/\/eromakia.fr\/wp-content\/uploads\/2018\/02\/Nantes_22-12-18-264x300.jpg\" alt=\"\" width=\"264\" height=\"300\" srcset=\"https:\/\/eromakia.fr\/wp-content\/uploads\/2018\/02\/Nantes_22-12-18-264x300.jpg 264w, https:\/\/eromakia.fr\/wp-content\/uploads\/2018\/02\/Nantes_22-12-18-768x871.jpg 768w, https:\/\/eromakia.fr\/wp-content\/uploads\/2018\/02\/Nantes_22-12-18.jpg 846w\" sizes=\"auto, (max-width: 264px) 100vw, 264px\" \/><\/a><figcaption id=\"caption-attachment-2038\" class=\"wp-caption-text\">Nantes, le 22 novembre 2018<\/figcaption><\/figure>\n<p>. D\u00e9cembre 2019 en Saine-Saint-Denis (93) : les f\u00e9ministes, faisant ouvertement le jeu des islamistes, pr\u00f4nent la s\u00e9paration des sexes dans l&rsquo;espace public. Nous y sommes.<\/p>\n<blockquote class=\"wp-embedded-content\" data-secret=\"pGvEOnNtDK\"><p><a href=\"https:\/\/www.causeur.fr\/seine-saint-denis-mixite-islam-harcelement-de-rue-171397\">93: la non-mixit\u00e9 en marche<\/a><\/p><\/blockquote>\n<p><iframe loading=\"lazy\" class=\"wp-embedded-content\" sandbox=\"allow-scripts\" security=\"restricted\" style=\"position: absolute; clip: rect(1px, 1px, 1px, 1px);\" title=\"\u00ab\u00a093: la non-mixit\u00e9 en marche\u00a0\u00bb &#8212; Causeur\" src=\"https:\/\/www.causeur.fr\/seine-saint-denis-mixite-islam-harcelement-de-rue-171397\/embed#?secret=RZuJW4hrgw#?secret=pGvEOnNtDK\" data-secret=\"pGvEOnNtDK\" width=\"525\" height=\"296\" frameborder=\"0\" marginwidth=\"0\" marginheight=\"0\" scrolling=\"no\"><\/iframe><\/p>\n<p>6. <strong>La pudibonderie et les discours anti-art sont communs<\/strong>. Dans le deux cas, on <a href=\"https:\/\/eromakia.fr\/index.php\/hylas-et-les-nymphes-ou-le-feminisme-a-contresens\/\">d\u00e9nonce l\u2019exposition des nus f\u00e9minins<\/a>. On d\u00e9truit le patrimoine (Daesh),<a href=\"http:\/\/www.setif.info\/article10346.html\"> brise les statues<\/a> ou censure les femmes d\u00e9nud\u00e9es <a href=\"http:\/\/www.latribunedelart.com\/les-trois-graces-de-cranach-du-louvre-censurees-a-abou-dhabi\">au Louvre Abu Dhabi<\/a>\u00a0(2011),\u00a0<a href=\"https:\/\/www.francetvinfo.fr\/monde\/europe\/rome-en-visite-le-president-iranien-rohani-demande-a-couvrir-les-statues_1286857.html\">\u00e0 Rome<\/a>\u00a0(2016)\u00a0ou\u00a0<a href=\"https:\/\/francais.rt.com\/international\/61817-londres-galerie-dart-recouvre-peintures-jugees-blasphematoires-par-des-musulmans?fbclid=IwAR3iWrpzp2tDvyQYpneRM56E4hrQMY2hZT68OvRwASrSC4pIjL3iHiJuOlU\">\u00e0 Londres<\/a>\u00a0(2019) d\u2019un c\u00f4t\u00e9, quand de l\u2019autre, <a href=\"https:\/\/www.valeursactuelles.com\/monde\/un-musee-decroche-un-tableau-de-femmes-nues-pour-lutter-contre-le-sexisme-92880\">au nom d\u2019un anti-sexisme imb\u00e9cile<\/a>, on d\u00e9nonce l<a href=\"https:\/\/blog.causeur.fr\/bonnetdane\/cachez-ce-sein-etc-001983.html#ligne\">eur pr\u00e9sence dans les mus\u00e9es<\/a> et les arts en g\u00e9n\u00e9ral \u2013 parfois pour ne pas offenser les f\u00e9ministes et les musulmans\u00a0<a href=\"http:\/\/www.postedeveille.ca\/2013\/12\/suede-une-toile-representant-une-femme-aux-seins-nus-retiree.html\">en m\u00eame temps<\/a>\u00a0(2013).\u00a0 Il est \u00e0 noter que l&rsquo;islam s&rsquo;en prend aussi aux <a href=\"https:\/\/www.valeursactuelles.com\/societe\/une-statue-de-nu-couverte-pour-un-congres-musulman-94874\">nus masculins<\/a>. On d\u00e9nigre dans les deux cas\u00a0 le patrimoine artistique occidental au motif qu\u2018il est majoritairement <a href=\"https:\/\/eromakia.fr\/index.php\/homme-blanc-a-abattre-la-statuaire-grecque\/\">\u201cl\u2019expression de l\u2019homme blanc\u201d<\/a>.<\/p>\n<p>7. <strong>L&rsquo;apologie du voile et de tout ce qui peut soustraire le corps f\u00e9minin aux regards du public<\/strong> (affiches, pubs) est commune. Les islamistes, les officines islamo-f\u00e9ministes comme Lallab (pro-voile) et f\u00e9ministo-gauchistes se retrouvent sur ce point : il faut mettre le corps de la femme \u00e0 l\u2019abri du d\u00e9sir masculin. En France comme en terre d\u2019islam, la lingerie f\u00e9minine fait d\u00e9sormais sa pub avec des <a href=\"http:\/\/www.rtl.fr\/actu\/debats-societe\/pour-la-premiere-fois-des-pubs-de-lingerie-sans-femmes-denudees-7791746140\">femmes habill\u00e9es<\/a> et le shampoing avec des <a href=\"https:\/\/www.lci.fr\/medias\/video-amena-kahn-l-oreal-engage-une-femme-voilee-pour-faire-la-pub-d-un-nouveau-shampooing-2076399.html\">femmes voil\u00e9es<\/a>. Bient\u00f4t le burkini pour toutes ?<\/p>\n<p>. Juin 2018 : En vue de la prochaine coupe du monde au Qatar,\u00a0la FIFA\u00a0<a href=\"http:\/\/www.slate.fr\/story\/164501\/fifa-tele-gros-plans-jolies-supportrices-sexisme\">demande aux m\u00e9dias de ne plus montrer de jolies filles<\/a>\u00a0\u00e0 l&rsquo;image\u00a0\u2013 ou quand la pr\u00e9tendue lutte n\u00e9o-f\u00e9ministe \u00ab\u00a0contre le sexisme\u00a0\u00bb ne sert\u00a0en r\u00e9alit\u00e9 que de\u00a0grossier paravent \u00e0 l&rsquo;islamisation culturelle.<\/p>\n<p>. D\u00e9cembre 2018 : La Mairie de Paris, en la personne d&rsquo;H\u00e9l\u00e8ne Bidard, adjointe PCF d&rsquo;Anne Hidalgo (elle-m\u00eame grande supp\u00f4te du\u00a0<a href=\"https:\/\/eromakia.fr\/index.php\/2018\/09\/16\/anthologie-du-feminisme-urinaire\/\">f\u00e9minisme idiot de gauche<\/a>), <a href=\"https:\/\/www.terrafemina.com\/article\/publicite-sexiste-la-mairie-de-paris-demande-le-retrait-d-une-affiche-aubade_a347143\/1\">s&rsquo;offusque d&rsquo;une affiche publicitaire\u00a0de la c\u00e9l\u00e8bre marque Aubade<\/a>. Qu&rsquo;elle \u00e9migre donc en Dar al-Islam, elle n&rsquo;y sera plus soumise \u00e0 la beaut\u00e9 des courbes f\u00e9minines !<\/p>\n<figure id=\"attachment_2052\" aria-describedby=\"caption-attachment-2052\" style=\"width: 300px\" class=\"wp-caption alignnone\"><a href=\"https:\/\/eromakia.fr\/wp-content\/uploads\/2018\/02\/DtqbYcpWkAIYmT8.jpg\"><img loading=\"lazy\" decoding=\"async\" class=\"size-medium wp-image-2052\" src=\"https:\/\/eromakia.fr\/wp-content\/uploads\/2018\/02\/DtqbYcpWkAIYmT8-300x300.jpg\" alt=\"\" width=\"300\" height=\"300\" srcset=\"https:\/\/eromakia.fr\/wp-content\/uploads\/2018\/02\/DtqbYcpWkAIYmT8-300x300.jpg 300w, https:\/\/eromakia.fr\/wp-content\/uploads\/2018\/02\/DtqbYcpWkAIYmT8-150x150.jpg 150w, https:\/\/eromakia.fr\/wp-content\/uploads\/2018\/02\/DtqbYcpWkAIYmT8-768x768.jpg 768w, https:\/\/eromakia.fr\/wp-content\/uploads\/2018\/02\/DtqbYcpWkAIYmT8-1024x1024.jpg 1024w, https:\/\/eromakia.fr\/wp-content\/uploads\/2018\/02\/DtqbYcpWkAIYmT8-100x100.jpg 100w, https:\/\/eromakia.fr\/wp-content\/uploads\/2018\/02\/DtqbYcpWkAIYmT8.jpg 1130w\" sizes=\"auto, (max-width: 300px) 100vw, 300px\" \/><\/a><figcaption id=\"caption-attachment-2052\" class=\"wp-caption-text\">Campagne Aubade du 5 au 11 d\u00e9cembre 2018. So shocking pour les bigotes islamo-compatibles !<\/figcaption><\/figure>\n<p>8.<strong> L&rsquo;islamisme pratique un entrisme dans la soci\u00e9t\u00e9 fran\u00e7aise gr\u00e2ce au faux-nez du f\u00e9minisme<\/strong>.<\/p>\n<ul>\n<li>Exemple dans les <strong>m\u00e9dias\/r\u00e9seaux sociaux<\/strong> : \u00ab\u00a0<a href=\"https:\/\/www.marianne.net\/medias\/aj-francais-quand-propagande-qatar-cache-derriere-progressisme-feministe-lgbt\">AJ+ fran\u00e7ais\u00a0\u00bb : quand la propagande du Qatar se cache derri\u00e8re un progressisme f\u00e9ministe et LGBT<\/a>\u00ab\u00a0.<\/li>\n<li>Exemple <strong>dans les mosqu\u00e9es<\/strong> : La r\u00e9cup\u00e9ration par l&rsquo;islam des \u00e9l\u00e9ments de langage du n\u00e9o-f\u00e9minisme pour avancer masqu\u00e9 fonctionne si bien que l&rsquo;on voit aujourd&rsquo;hui s&rsquo;ouvrir en France et en Allemagne les premi\u00e8res <a href=\"http:\/\/www.slate.fr\/story\/165089\/mosquees-liberales-inclusives-progressistes-laiques-contre-patriarcat-berlin?hash=55164447-8a0a-4f89-b8b7-71a6f57fdfb8&amp;utm_medium=social&amp;utm_source=facebook\"><strong>mosqu\u00e9es inclusives et antipatriarcales<\/strong><\/a> <strong>!<\/strong> Vous en aviez cauchemard\u00e9 ? \u00ab\u00a0Iels\u00a0\u00bb l&rsquo;ont fait&#8230;<\/li>\n<li>A <strong>Paris<\/strong>, on voit ainsi <a href=\"https:\/\/www.france24.com\/fr\/video\/20190104-a-paris-une-musulmane-veut-ouvrir-une-mosquee-progressiste?fbclid=IwAR2SbCzujzqcetEA4eRpBxTm0nSrVcnNWQ2PYyuPOz45EwhSZrgjYIzkFdo\">l&rsquo;islamisme se revendiquer du f\u00e9minisme<\/a>\u00a0pour<a href=\"https:\/\/www.lci.fr\/population\/salles-de-prieres-mixtes-imams-femmes-deux-projets-de-mosquees-progressistes-a-l-etude-a-paris-2109234.html?fbclid=IwAR1hl7S-VLtLoxPCdJxx2yrwzqBwE4Ej7vSKlJt5WnYwBviO7Ldf63TQVbw\"> mieux servir son projet expansionniste<\/a>\u00a0via les mosqu\u00e9es mixtes et les imames. Et on peut \u00eatre s\u00fbrs\u00a0que la manipulation va fonctionner \u00e0 merveille :\u00a0c&rsquo;est devenu tellement consensuel de pleurnicher en choeur que \u00ab\u00a0le patriarc\u00e2\u00e2t, c&rsquo;est caca, ouiiin !!\u00a0\u00bb que plus personne ne voit\u00a0que l&rsquo;ennemi, ce n&rsquo;est pas l&rsquo;homme, mais l&rsquo;islam !<\/li>\n<li>Juillet 2019 : Fatima Benomar, propagandiste pro-voile et pro-burqini, <a href=\"https:\/\/www.atlantico.fr\/decryptage\/3576882\/les-hotesses-du-tour-de-france-non-le-voile-oui--mais-que-se-passe-t-il-du-cote-des-feministes-intersectionnelles--feminisme-femmes-naem-bestandji\">demande la suppression des h\u00f4tesses du <strong>Tour du France<\/strong><\/a>\u00a0avec le soutien conjoint de Marwan Muhammad et de tous le bas-fonds de la gauche f\u00e9ministe (Salmona, Mailfert, Rossignol, Rey-Robert et&#8230; <a href=\"https:\/\/www.nouvelobs.com\/politique\/20190726.OBS16433\/marlene-schiappa-soutient-la-petition-demandant-la-fin-des-hotesses-de-podium-sur-le-tour-de-france.html\">Schiappa<\/a>).\u00a0Convergence des luttes quand tu nous tiens&#8230;<\/li>\n<\/ul>\n<figure id=\"attachment_4864\" aria-describedby=\"caption-attachment-4864\" style=\"width: 642px\" class=\"wp-caption alignnone\"><a href=\"https:\/\/eromakia.fr\/wp-content\/uploads\/2018\/02\/Benomar4.jpg\"><img loading=\"lazy\" decoding=\"async\" class=\"wp-image-4864 size-full\" src=\"https:\/\/eromakia.fr\/wp-content\/uploads\/2018\/02\/Benomar4.jpg\" alt=\"\" width=\"642\" height=\"515\" srcset=\"https:\/\/eromakia.fr\/wp-content\/uploads\/2018\/02\/Benomar4.jpg 642w, https:\/\/eromakia.fr\/wp-content\/uploads\/2018\/02\/Benomar4-300x241.jpg 300w\" sizes=\"auto, (max-width: 642px) 100vw, 642px\" \/><\/a><figcaption id=\"caption-attachment-4864\" class=\"wp-caption-text\">Soutien de Marwan Muhammad (chef de file de l&rsquo;islam politique en France) \u00e0 Fatima Benomar (islamo-f\u00e9ministe).<\/figcaption><\/figure>\n<p><strong>9. L&rsquo;entrisme islamique au moyen du f\u00e9minisme\u00a0s&rsquo;installe progressivement au coeur de l&rsquo;universit\u00e9 fran\u00e7aise et francophone<\/strong><\/p>\n<ul>\n<li>Exemple \u00e0<strong> l&rsquo;universit\u00e9<\/strong>\u00a0<strong>de Louvain-la-Neuve<\/strong> : <a href=\"http:\/\/www.algeria-watch.org\/fr\/article\/femmes\/islamo_feminisme.htm\">l\u2019islamo-f\u00e9minisme tel que pr\u00e9sent\u00e9 ici<\/a> est accueilli \u00e0 bras ouverts dans nos \u00e9coles doctorales de sociologie. Selon la volont\u00e9 de Tariq Ramadan, entre autres, qui a bien compris que le mot \u201cf\u00e9minisme\u201d \u00e9tait un s\u00e9same imparable. On notera que dans cet exemple, l\u2019islamo-f\u00e9minisme ne recule m\u00eame pas devant les th\u00e8ses de l\u2019id\u00e9ologie du genre.<\/li>\n<li>Exemple \u00e0<strong> l&rsquo;universit\u00e9 de Fribourg<\/strong> : Asma Lamrabet, intellectuelle marocaine, explique que <a href=\"https:\/\/www.rts.ch\/info\/monde\/9837743-asma-lamrabet-oui-le-feminisme-et-l-islam-sont-compatibles-.html\"><strong>l&rsquo;islam et le f\u00e9minisme sont compatibles<\/strong><\/a>. Et comment, qu&rsquo;ils le sont ! Le second n&rsquo;est rien moins que le bras arm\u00e9 du premier pour s&rsquo;implanter partout en Europe.<\/li>\n<li>Exemple \u00e0 <strong>l&rsquo;universit\u00e9 de Lyon 2<\/strong> :\u00a0\u00a0un TD du cours de \u00ab\u00a0Politique compar\u00e9e : les \u00c9tats post-coloniaux\u00a0\u00bb (dans le cadre de la L3 Science Politique de l&rsquo;ann\u00e9e 2018-2019) propose aux \u00e9tudiants de (je cite) : \u00ab\u00a0D\u00e9fendre des points de vue diff\u00e9rents \u00e0 propos du th\u00e8me : <em>\u00ab\u00a0Mon voile, mon corps, mon choix. F\u00e9ministes et musulmanes\u00a0\u00bb<\/em> (slogans de Lallab) tout en proposant des lectures pro-islamo-f\u00e9minisme. Lyon 2 s&rsquo;illustre par ailleurs r\u00e9guli\u00e8rement par ses <a href=\"https:\/\/eromakia.fr\/index.php\/la-terreur-feministe-a-luniversite\/\">prises de postions id\u00e9ologiques f\u00e9ministo-gauchistes<\/a>.<\/li>\n<li>Le comit\u00e9 f\u00e9ministe <strong>non-mixte<\/strong> de l<strong>&lsquo;Universit\u00e9 populaire de Nantes<\/strong>\u00a0(un ramassis de f\u00e9ministo-gauchistes) organise en octobre 2018 un\u00a0mois th\u00e9matique : <a href=\"https:\/\/univpopnantes.org\/2018\/10\/01\/arpentage-en-finir-avec-la-culture-du-viol-de-n-renard\/\">\u00ab\u00a0D\u00e9construire le masculin\u00a0\u00bb<\/a>. Le mot \u00ab\u00a0universit\u00e9 \u00a0\u00bb se voit donc accol\u00e9 \u00e0 des pratiques de madrassa (\u00e9cole coranique) pr\u00f4nant la s\u00e9paration des sexes. Bienvenue au VI<sup>e\u00a0<\/sup>si\u00e8cle !<\/li>\n<li>L&rsquo;universit\u00e9 fran\u00e7aise subit de plein fouet l&rsquo;assaut des th\u00e8ses racialo-f\u00e9ministo-indig\u00e9nistes promues par \u00c9ric Fassin. Il r\u00e8gne une forme de<a href=\"https:\/\/eromakia.fr\/index.php\/la-terreur-feministe-a-luniversite\/\"><strong> terreur intellectuelle dans les laboratoires de sciences sociales<\/strong><\/a>, obligeant les chercheurs \u00e0 t\u00e9moigner sous anonymat. On trouvera un \u00e9tat des lieux brillamment dress\u00e9 par Mathieu Aron pour le <em>Nouvel Obs<\/em> (\u00ab\u00a0<a href=\"https:\/\/www.nouvelobs.com\/societe\/20181130.OBS6347\/les-decoloniaux-a-l-assaut-des-universites.html\">Les d\u00e9coloniaux \u00e0 l&rsquo;assaut des universit\u00e9s<\/a>\u00ab\u00a0, 30\/11\/2018) et propos\u00e9 <a href=\"https:\/\/www.bnvca.org\/les-decoloniaux-a-lassaut-des-universites\/\">en lecture int\u00e9grale ici<\/a>.<\/li>\n<\/ul>\n<p>10. <strong>Le viol des consciences, de l\u2019intime et de la vie priv\u00e9e<\/strong>. Les deux id\u00e9ologies entendent l\u00e9gif\u00e9rer l\u2019intime et les ressentis les plus personnels \u2013 comme <a href=\"https:\/\/eromakia.fr\/index.php\/critique-du-neo-feminisme\/je-peux-temoigner-que-du-viol-on-sen-sort\/\">imposer \u00e0 toute femme une vision du viol ou de l\u2019agression sexuelle qui n\u2019est pas n\u00e9cessairement la sienne<\/a>. Les islamistes sous-estiment l\u2019agression et les n\u00e9o-f\u00e9ministes la surestiment \u2013 faisant entrer de force quasiment toute femme dans la cat\u00e9gorie des viol\u00e9es ou des agress\u00e9es. Dans les deux cas, pas de libert\u00e9 de conscience ou de parole pour les imp\u00e9trantes (ex : <a href=\"https:\/\/www.franceinter.fr\/emissions\/l-invite-d-ali-baddou\/l-invite-d-ali-baddou-12-janvier-2018\">Catherine Millet<\/a> qui rappelle pourtant une chose \u00e9vidente : Oui, on peut se remettre d\u2019un viol. Mais il semble aujourd\u2019hui totalement interdit de le dire).<\/p>\n<p>11. L\u2019assignation des femmes entre elles \u00e0<strong> deux cat\u00e9gories selon les crit\u00e8res de la morale sexuelle<\/strong>. Les femmes voil\u00e9es envoient express\u00e9ment le <a href=\"https:\/\/eromakia.fr\/index.php\/2019\/01\/04\/les-francaises-voilees-sont-des-militantes-pas-des-victimes\/\">message aux non-voil\u00e9es qu\u2019elles sont impudiques<\/a>. Les n\u00e9o-f\u00e9ministes envoient le message aux signataires de la \u201ctribune des 100\u201d qu\u2019elles sont des libertines soumises au d\u00e9sir masculin. La femme libre est fustig\u00e9e dans les deux cas.<\/p>\n<p>12. Islamisme et n\u00e9o-f\u00e9minisme entendent prendre leur <strong>revanche sur l\u2019homme blanc occidental<\/strong> qui les a \u201ccolonis\u00e9s\u201d par le pass\u00e9 &#8211; au sens propre comme au sens figur\u00e9. L\u2019homme occidental pr\u00e9sent\u00e9 comme dominateur ou oppresseur est l\u2019ennemi commun. Le <strong>vocabulaire de la pens\u00e9e marxiste<\/strong> est repris par les deux id\u00e9ologies (les nouveaux \u201cdamn\u00e9s de la terre\u201d sont les <a href=\"http:\/\/www.laicite-republique.org\/a-el-khatmi-les-musulmans-de-france-ne-sont-pas-les-nouveaux-damnes-de-la-terre.html\">populations islamiques selon certains intellectuels<\/a> ; pendant que chez les f\u00e9ministes, la grille de lecture de la lutte des classes est transf\u00e9r\u00e9e <em>in extenso<\/em> \u00e0 la lutte des sexes (femme opprim\u00e9e\/homme oppresseur).<\/p>\n<p>13. <strong>La<\/strong> <strong>censure artistique<\/strong> pure et simple s\u2019abat pour cause de pens\u00e9e dissidente. Le n\u00e9o-f\u00e9minisme a rejoint la cour des grandes ou petites dictatures ces derniers temps en <a href=\"http:\/\/www.liberation.fr\/france\/2018\/01\/18\/tribune-du-monde-brigitte-sy-censuree-par-un-collectif-feministe_1623352\">censurant le film de Brigitte Sy<\/a> (Festival de Pantin) pour la seule et unique raison qu\u2019elle avait sign\u00e9 la \u201ctribune des 100\u201d. Hors du victimisme, point de salut !<\/p>\n<p>14. <strong>La guerre totale contre l\u2019humour<\/strong>. Charlie Hebdo d\u2019un c\u00f4t\u00e9 et les id\u00e9ologues du f\u00e9minisme de l\u2019autre, tous m\u00e8nent une guerre sans merci contre l\u2019humour, cette invention patriarcale. Tex, Jean-Marie Bigard et bien d\u2019autres en ont fait les frais r\u00e9cemment.<\/p>\n<p>15. Islamistes et f\u00e9ministes <strong>refusent aux femmes le libre choix de leur profession<\/strong>. L\u2019islamiste confine la femme au foyer et lui assigne des m\u00e9tiers pendant que la f\u00e9ministe met au ch\u00f4mage sans \u00e9tats d\u2019\u00e2me les <a href=\"https:\/\/mobile.francetvinfo.fr\/sports\/automobile\/f1\/les-feministes-nous-ont-fait-perdre-notre-job-des-grid-girls-denoncent-leur-mise-a-l-ecart-de-la-formule-1_2592634.html#xtor=SEC-735&amp;xtref=http:\/\/m.facebook.com\">\u201cGrid Girls de la Formule 1\u201d<\/a>\u00a0et envisage la m\u00eame chose\u00a0pour les <a href=\"https:\/\/lemediapourtous.fr\/bientot-la-fin-des-hotesses-sur-les-podiums-du-tour-de-france\/\">h\u00f4tesses du Tour de France<\/a>. Il en va de m\u00eame pour les travailleuses du sexe qui <a href=\"http:\/\/soirmag.lesoir.be\/133216\/article\/2018-01-24\/je-suis-une-prostituee-et-je-le-revendique\">font ce m\u00e9tier de leur plein gr\u00e9<\/a> : les f\u00e9ministes oeuvrent sans rel\u00e2che\u00a0\u00e0 leur disparition.<\/p>\n<p>16. N\u00e9o-f\u00e9ministes et islamistes utilisent le m\u00eame <strong>vocabulaire de la \u201csororit\u00e9\u201d emprunt\u00e9 aux sectes<\/strong>, essentialisant ainsi toute femme, \u201csoeur\u201d de toute autre (enfin&#8230; pour autant qu\u2019elle soit voil\u00e9e ou souscrive \u00e0 la m\u00eame vision victimaire, sinon \u00e7a se complique un peu, comme on vient de le voir). Sur la nouvelle \u00e9glise f\u00e9ministe, voir : <a href=\"https:\/\/eromakia.fr\/index.php\/neo-bigotes-et-chaisieres-deglise-les-feministes-et-la-religion\/\">[N\u00e9o-bigotes et chaisi\u00e8res d&rsquo;\u00e9glise] \u2013 Les f\u00e9ministes et la religion<\/a>.<\/p>\n<p>17.<strong> Les deux foulent aux pieds les acquis de l\u2019universalisme et des droits de l\u2019homme.<\/strong> Ce point arrive en dernier, car il est la conclusion de tout ce qui pr\u00e9c\u00e8de et certainement ce qui me choque le plus. L\u2019islamisme est essentialiste et communautariste (chaque sexe, race ou religion b\u00e9n\u00e9ficie d\u2019un traitement in\u00e9galitaire). Selon la logique du f\u00e9minisme anti-patriarcal, <a href=\"https:\/\/eromakia.fr\/index.php\/2019\/06\/20\/warren-shibles-tous-les-hommes-oppriment-toutes-les-femmes-tout-le-temps\/\">le sexe masculin opprimerait le sexe f\u00e9minin partout, tout le temps, depuis toujours<\/a>. Tout individu de sexe masculin se voit donc assign\u00e9 \u00e0 son identit\u00e9 sexuelle et condamn\u00e9 par avance (sauf s\u2018il accepte d\u2019entrer dans un parcours de r\u00e9\u00e9ducation pilot\u00e9 par les dames patronnesses \u2013 sans garantie de succ\u00e8s). Toute femme serait par essence et de naissance en danger et potentiellement victime de la pr\u00e9dation masculine. De plus, les f\u00e9ministes parlent toujours au nom de \u201ctoutes les femmes\u201d, nous r\u00e9duisant \u00e0 notre identit\u00e9 sexuelle, comme si le fait de poss\u00e9der des organes sexuels f\u00e9minins nous obligeait \u00e0 penser et agir toutes \u201ccomme une seule femme\u201d. Personnellement, <a href=\"https:\/\/eromakia.fr\/index.php\/2019\/03\/17\/la-femme-anti-feministe-ou-lepine-dans-le-pied-des-feministes\/\">je ne suis pas solidaire<\/a> de la \u201ccommunaut\u00e9 des femmes\u201d, mais de celle des humains dans leur ensemble, ind\u00e9pendamment des crit\u00e8res de sexe, race ou religion. N&rsquo;\u00e9tant ni raciste ni sexiste, ma compassion s\u2019applique donc indiff\u00e9remment aux hommes et aux femmes.<\/p>\n<p>18. Enfin, last but not least, <strong>\u00ab\u00a0Haro sur le porc !\u00a0\u00bb est leur cri de bataille commun<\/strong>. Qu&rsquo;il soit \u201charam\u201d ou \u201c\u00e0 balancer\u201d, le porc est dans tous les cas leur ennemi. Vous me direz qu&rsquo;un homme n&rsquo;est pas un cochon, oui, je sais, mais ce vocabulaire commun n&rsquo;est\u00a0sans doute pas innocent \u2013 la symbolique du cochon ayant toujours \u00e0 voir avec l\u2019impuret\u00e9, le tabou et la morale sexuelle.<\/p>\n<p style=\"text-align: center;\">***<\/p>\n<p>Cette liste ne pr\u00e9tend pas d\u00e9montrer que ces deux id\u00e9ologies proc\u00e8dent des m\u00eames instigateurs.<\/p>\n<p>Les parall\u00e9lismes, certains volontaires (chez les islamo-f\u00e9ministes), les autres involontaires ou inconscients (chez les n\u00e9o-f\u00e9ministes), montrent simplement qu\u2019une soi-disant modernit\u00e9 ou r\u00e9volution, comme se pr\u00e9tend \u00eatre le n\u00e9o-f\u00e9minisme, nous ressert, en attendant le grand soir, la sortie de l\u2019histoire et \u201cl\u2019homme nouveau\u201d, les bonnes vielles recettes du dogmatisme, de la censure, du puritanisme, du sectarisme et de l\u2019obscurantisme les plus crasses \ud83d\ude09 As usual&#8230;<\/p>\n<p>N\u2019h\u00e9sitez pas \u00e0 corriger, compl\u00e9ter ou contester dans les comms, j\u2019en tiendrai compte pour amender ma petite r\u00e9flexion.<\/p>\n<p><figure id=\"attachment_404\" aria-describedby=\"caption-attachment-404\" style=\"width: 600px\" class=\"wp-caption alignnone\"><img loading=\"lazy\" decoding=\"async\" class=\"wp-image-404\" src=\"https:\/\/eromakia.fr\/wp-content\/uploads\/2018\/02\/Prudhon.jpg\" alt=\"\" width=\"600\" height=\"498\" srcset=\"https:\/\/eromakia.fr\/wp-content\/uploads\/2018\/02\/Prudhon.jpg 758w, https:\/\/eromakia.fr\/wp-content\/uploads\/2018\/02\/Prudhon-300x249.jpg 300w\" sizes=\"auto, (max-width: 600px) 100vw, 600px\" \/><figcaption id=\"caption-attachment-404\" class=\"wp-caption-text\">Pierre-Paul Prud&rsquo;hon, La Justice et la Vengeance divines poursuivant le Crime, 1808 (Paris, Mus\u00e9e du Louvre) [ou bien : N\u00e9o-f\u00e9ministes et islamo-f\u00e9ministes poursuivant l\u2019homme occidental ?]<\/figcaption><\/figure><strong>. Sur le m\u00eame th\u00e8me :<\/strong><\/p>\n<blockquote class=\"wp-embedded-content\" data-secret=\"M4yNbxsr8D\"><p><a href=\"https:\/\/eromakia.fr\/index.php\/2019\/06\/29\/patriarcat-imaginaire-les-feministes-du-mandarobs-actionnent-leur-bouclier-psychique-anti-lemuriens\/\">[Patriarcat imaginaire] \u2013 L&rsquo;Obs veut nous vendre \u00e0 tout prix la \u00ab\u00a0domination masculine\u00a0\u00bb<\/a><\/p><\/blockquote>\n<p><iframe loading=\"lazy\" class=\"wp-embedded-content\" sandbox=\"allow-scripts\" security=\"restricted\" style=\"position: absolute; clip: rect(1px, 1px, 1px, 1px);\" title=\"\u00ab\u00a0[Patriarcat imaginaire] \u2013 L&rsquo;Obs veut nous vendre \u00e0 tout prix la \u00ab\u00a0domination masculine\u00a0\u00bb\u00a0\u00bb &#8212; Eromakia\" src=\"https:\/\/eromakia.fr\/index.php\/2019\/06\/29\/patriarcat-imaginaire-les-feministes-du-mandarobs-actionnent-leur-bouclier-psychique-anti-lemuriens\/embed\/#?secret=aC24cAeSKT#?secret=M4yNbxsr8D\" data-secret=\"M4yNbxsr8D\" width=\"525\" height=\"296\" frameborder=\"0\" marginwidth=\"0\" marginheight=\"0\" scrolling=\"no\"><\/iframe><\/p>\n<p><strong>. Voir aussi cette petite vid\u00e9o humoristique :<\/strong><\/p>\n<blockquote class=\"wp-embedded-content\" data-secret=\"L1cqnWHYxt\"><p><a href=\"https:\/\/eromakia.fr\/index.php\/neo-feminisme-et-islamisme-les-convergences\/\">N\u00e9o-f\u00e9minisme et islamisme : les convergences<\/a><\/p><\/blockquote>\n<p><iframe loading=\"lazy\" class=\"wp-embedded-content\" sandbox=\"allow-scripts\" security=\"restricted\" style=\"position: absolute; clip: rect(1px, 1px, 1px, 1px);\" title=\"\u00ab\u00a0N\u00e9o-f\u00e9minisme et islamisme : les convergences\u00a0\u00bb &#8212; Eromakia\" src=\"https:\/\/eromakia.fr\/index.php\/neo-feminisme-et-islamisme-les-convergences\/embed\/#?secret=sReoV7Pe35#?secret=L1cqnWHYxt\" data-secret=\"L1cqnWHYxt\" width=\"525\" height=\"296\" frameborder=\"0\" marginwidth=\"0\" marginheight=\"0\" scrolling=\"no\"><\/iframe><\/p>\n","protected":false},"excerpt":{"rendered":"<p>* La premi\u00e8re publication de\u00a0cet article\u00a0date de f\u00e9vrier 2018. A l&rsquo;\u00e9poque, commen\u00e7ant \u00e0 en lister les \u00ab\u00a0signaux faibles\u00a0\u00bb, je n&rsquo;osais croire moi-m\u00eame \u00e0 la profondeur et au s\u00e9rieux des convergences entre n\u00e9o-f\u00e9ministes et islamistes.\u00a0Deux ans plus tard (f\u00e9vrier 2020), \u00ab\u00a0l&rsquo;affaire Mila\u00a0\u00bb\u00a0vient de jeter une lumi\u00e8re crue sur la r\u00e9alit\u00e9 de cette inqui\u00e9tude. Plus personne\u00a0d\u00e9sormais\u00a0ne peut &hellip; <\/p>\n<p class=\"link-more\"><a href=\"https:\/\/eromakia.fr\/index.php\/neo-feminisme-et-islamisme-les-convergences\/\" class=\"more-link\">Continuer la lecture<span class=\"screen-reader-text\"> de &laquo;&nbsp;N\u00e9o-f\u00e9minisme et islamisme : les convergences&nbsp;&raquo;<\/span><\/a><\/p>\n","protected":false},"author":1,"featured_media":7622,"parent":0,"menu_order":0,"comment_status":"open","ping_status":"open","template":"","meta":{"footnotes":""},"class_list":["post-412","page","type-page","status-publish","has-post-thumbnail","hentry"],"yoast_head":"<!-- This site is optimized with the Yoast SEO plugin v21.3 - https:\/\/yoast.com\/wordpress\/plugins\/seo\/ -->\n<title>N\u00e9o-f\u00e9minisme et islamisme : les convergences - Eromakia<\/title>\n<meta name=\"robots\" content=\"index, follow, max-snippet:-1, max-image-preview:large, max-video-preview:-1\" \/>\n<link rel=\"canonical\" href=\"https:\/\/eromakia.fr\/index.php\/neo-feminisme-et-islamisme-les-convergences\/\" \/>\n<meta property=\"og:locale\" content=\"fr_FR\" \/>\n<meta property=\"og:type\" content=\"article\" \/>\n<meta property=\"og:title\" content=\"N\u00e9o-f\u00e9minisme et islamisme : les convergences - Eromakia\" \/>\n<meta property=\"og:description\" content=\"* La premi\u00e8re publication de\u00a0cet article\u00a0date de f\u00e9vrier 2018. A l&rsquo;\u00e9poque, commen\u00e7ant \u00e0 en lister les \u00ab\u00a0signaux faibles\u00a0\u00bb, je n&rsquo;osais croire moi-m\u00eame \u00e0 la profondeur et au s\u00e9rieux des convergences entre n\u00e9o-f\u00e9ministes et islamistes.\u00a0Deux ans plus tard (f\u00e9vrier 2020), \u00ab\u00a0l&rsquo;affaire Mila\u00a0\u00bb\u00a0vient de jeter une lumi\u00e8re crue sur la r\u00e9alit\u00e9 de cette inqui\u00e9tude. Plus personne\u00a0d\u00e9sormais\u00a0ne peut &hellip; Continuer la lecture de &laquo;&nbsp;N\u00e9o-f\u00e9minisme et islamisme : les convergences&nbsp;&raquo;\" \/>\n<meta property=\"og:url\" content=\"https:\/\/eromakia.fr\/index.php\/neo-feminisme-et-islamisme-les-convergences\/\" \/>\n<meta property=\"og:site_name\" content=\"Eromakia\" \/>\n<meta property=\"article:modified_time\" content=\"2021-03-16T08:02:03+00:00\" \/>\n<meta property=\"og:image\" content=\"https:\/\/eromakia.fr\/wp-content\/uploads\/2018\/02\/islam.jpg\" \/>\n\t<meta property=\"og:image:width\" content=\"576\" \/>\n\t<meta property=\"og:image:height\" content=\"576\" \/>\n\t<meta property=\"og:image:type\" content=\"image\/jpeg\" \/>\n<meta name=\"twitter:card\" content=\"summary_large_image\" \/>\n<meta name=\"twitter:label1\" content=\"Dur\u00e9e de lecture estim\u00e9e\" \/>\n\t<meta name=\"twitter:data1\" content=\"12 minutes\" \/>\n<script type=\"application\/ld+json\" class=\"yoast-schema-graph\">{\"@context\":\"https:\/\/schema.org\",\"@graph\":[{\"@type\":\"WebPage\",\"@id\":\"https:\/\/eromakia.fr\/index.php\/neo-feminisme-et-islamisme-les-convergences\/\",\"url\":\"https:\/\/eromakia.fr\/index.php\/neo-feminisme-et-islamisme-les-convergences\/\",\"name\":\"N\u00e9o-f\u00e9minisme et islamisme : les convergences - Eromakia\",\"isPartOf\":{\"@id\":\"https:\/\/eromakia.fr\/#website\"},\"datePublished\":\"2018-02-08T12:51:41+00:00\",\"dateModified\":\"2021-03-16T08:02:03+00:00\",\"breadcrumb\":{\"@id\":\"https:\/\/eromakia.fr\/index.php\/neo-feminisme-et-islamisme-les-convergences\/#breadcrumb\"},\"inLanguage\":\"fr-FR\",\"potentialAction\":[{\"@type\":\"ReadAction\",\"target\":[\"https:\/\/eromakia.fr\/index.php\/neo-feminisme-et-islamisme-les-convergences\/\"]}]},{\"@type\":\"BreadcrumbList\",\"@id\":\"https:\/\/eromakia.fr\/index.php\/neo-feminisme-et-islamisme-les-convergences\/#breadcrumb\",\"itemListElement\":[{\"@type\":\"ListItem\",\"position\":1,\"name\":\"Accueil\",\"item\":\"https:\/\/eromakia.fr\/\"},{\"@type\":\"ListItem\",\"position\":2,\"name\":\"N\u00e9o-f\u00e9minisme et islamisme : les convergences\"}]},{\"@type\":\"WebSite\",\"@id\":\"https:\/\/eromakia.fr\/#website\",\"url\":\"https:\/\/eromakia.fr\/\",\"name\":\"Eromakia\",\"description\":\"Art, Love and Fight Chronicles\",\"potentialAction\":[{\"@type\":\"SearchAction\",\"target\":{\"@type\":\"EntryPoint\",\"urlTemplate\":\"https:\/\/eromakia.fr\/?s={search_term_string}\"},\"query-input\":\"required name=search_term_string\"}],\"inLanguage\":\"fr-FR\"}]}<\/script>\n<!-- \/ Yoast SEO plugin. -->","yoast_head_json":{"title":"N\u00e9o-f\u00e9minisme et islamisme : les convergences - Eromakia","robots":{"index":"index","follow":"follow","max-snippet":"max-snippet:-1","max-image-preview":"max-image-preview:large","max-video-preview":"max-video-preview:-1"},"canonical":"https:\/\/eromakia.fr\/index.php\/neo-feminisme-et-islamisme-les-convergences\/","og_locale":"fr_FR","og_type":"article","og_title":"N\u00e9o-f\u00e9minisme et islamisme : les convergences - Eromakia","og_description":"* La premi\u00e8re publication de\u00a0cet article\u00a0date de f\u00e9vrier 2018. A l&rsquo;\u00e9poque, commen\u00e7ant \u00e0 en lister les \u00ab\u00a0signaux faibles\u00a0\u00bb, je n&rsquo;osais croire moi-m\u00eame \u00e0 la profondeur et au s\u00e9rieux des convergences entre n\u00e9o-f\u00e9ministes et islamistes.\u00a0Deux ans plus tard (f\u00e9vrier 2020), \u00ab\u00a0l&rsquo;affaire Mila\u00a0\u00bb\u00a0vient de jeter une lumi\u00e8re crue sur la r\u00e9alit\u00e9 de cette inqui\u00e9tude. Plus personne\u00a0d\u00e9sormais\u00a0ne peut &hellip; Continuer la lecture de &laquo;&nbsp;N\u00e9o-f\u00e9minisme et islamisme : les convergences&nbsp;&raquo;","og_url":"https:\/\/eromakia.fr\/index.php\/neo-feminisme-et-islamisme-les-convergences\/","og_site_name":"Eromakia","article_modified_time":"2021-03-16T08:02:03+00:00","og_image":[{"width":576,"height":576,"url":"https:\/\/eromakia.fr\/wp-content\/uploads\/2018\/02\/islam.jpg","type":"image\/jpeg"}],"twitter_card":"summary_large_image","twitter_misc":{"Dur\u00e9e de lecture estim\u00e9e":"12 minutes"},"schema":{"@context":"https:\/\/schema.org","@graph":[{"@type":"WebPage","@id":"https:\/\/eromakia.fr\/index.php\/neo-feminisme-et-islamisme-les-convergences\/","url":"https:\/\/eromakia.fr\/index.php\/neo-feminisme-et-islamisme-les-convergences\/","name":"N\u00e9o-f\u00e9minisme et islamisme : les convergences - Eromakia","isPartOf":{"@id":"https:\/\/eromakia.fr\/#website"},"datePublished":"2018-02-08T12:51:41+00:00","dateModified":"2021-03-16T08:02:03+00:00","breadcrumb":{"@id":"https:\/\/eromakia.fr\/index.php\/neo-feminisme-et-islamisme-les-convergences\/#breadcrumb"},"inLanguage":"fr-FR","potentialAction":[{"@type":"ReadAction","target":["https:\/\/eromakia.fr\/index.php\/neo-feminisme-et-islamisme-les-convergences\/"]}]},{"@type":"BreadcrumbList","@id":"https:\/\/eromakia.fr\/index.php\/neo-feminisme-et-islamisme-les-convergences\/#breadcrumb","itemListElement":[{"@type":"ListItem","position":1,"name":"Accueil","item":"https:\/\/eromakia.fr\/"},{"@type":"ListItem","position":2,"name":"N\u00e9o-f\u00e9minisme et islamisme : les convergences"}]},{"@type":"WebSite","@id":"https:\/\/eromakia.fr\/#website","url":"https:\/\/eromakia.fr\/","name":"Eromakia","description":"Art, Love and Fight Chronicles","potentialAction":[{"@type":"SearchAction","target":{"@type":"EntryPoint","urlTemplate":"https:\/\/eromakia.fr\/?s={search_term_string}"},"query-input":"required name=search_term_string"}],"inLanguage":"fr-FR"}]}},"_links":{"self":[{"href":"https:\/\/eromakia.fr\/index.php\/wp-json\/wp\/v2\/pages\/412","targetHints":{"allow":["GET"]}}],"collection":[{"href":"https:\/\/eromakia.fr\/index.php\/wp-json\/wp\/v2\/pages"}],"about":[{"href":"https:\/\/eromakia.fr\/index.php\/wp-json\/wp\/v2\/types\/page"}],"author":[{"embeddable":true,"href":"https:\/\/eromakia.fr\/index.php\/wp-json\/wp\/v2\/users\/1"}],"replies":[{"embeddable":true,"href":"https:\/\/eromakia.fr\/index.php\/wp-json\/wp\/v2\/comments?post=412"}],"version-history":[{"count":97,"href":"https:\/\/eromakia.fr\/index.php\/wp-json\/wp\/v2\/pages\/412\/revisions"}],"predecessor-version":[{"id":12909,"href":"https:\/\/eromakia.fr\/index.php\/wp-json\/wp\/v2\/pages\/412\/revisions\/12909"}],"wp:featuredmedia":[{"embeddable":true,"href":"https:\/\/eromakia.fr\/index.php\/wp-json\/wp\/v2\/media\/7622"}],"wp:attachment":[{"href":"https:\/\/eromakia.fr\/index.php\/wp-json\/wp\/v2\/media?parent=412"}],"curies":[{"name":"wp","href":"https:\/\/api.w.org\/{rel}","templated":true}]}}