{"id":11788,"date":"2021-02-15T10:57:42","date_gmt":"2021-02-15T09:57:42","guid":{"rendered":"http:\/\/eromakia.fr\/?page_id=11788"},"modified":"2023-01-26T21:24:46","modified_gmt":"2023-01-26T20:24:46","slug":"etre-victime-ou-ne-pas-etre-feminisme-et-victimitude","status":"publish","type":"page","link":"https:\/\/eromakia.fr\/index.php\/etre-victime-ou-ne-pas-etre-feminisme-et-victimitude\/","title":{"rendered":"[\u00catre victime ou ne pas \u00eatre] \u2013 F\u00e9minisme et victimitude"},"content":{"rendered":"\n<p>Le n\u00e9o-f\u00e9minisme victimaire est en train de pousser le culte narcissique de la victimisation jusqu&rsquo;\u00e0 des sommets jamais atteints. Apr\u00e8s l&rsquo;\u00e9vocation d&rsquo;une \u00e9tude r\u00e9cente sur la psychologie de la victimisation, cette page-portail renverra \u00e0 diff\u00e9rents articles d\u00e9crivant la nouvelle religion la\u00efque qu&rsquo;est devenu le f\u00e9minisme victimaire.<\/p>\n\n\n\n<p>On peut d\u00e9j\u00e0 lire deux comptes-rendus en fran\u00e7ais de <a href=\"https:\/\/www.sciencedirect.com\/science\/article\/abs\/pii\/S0191886920303238?via%3Dihub#!\">cette \u00e9tude isra\u00e9lienne<\/a> qui pourrait d\u00e9crire \u00e0 la perfection la psychologie n\u00e9o-f\u00e9ministe : celui de Peggy Sastre, <a href=\"https:\/\/www.causeur.fr\/victime-sans-bourreau-191131\">\u00ab\u00a0Victime sans bourreau\u00a0\u00bb<\/a> (<em>Causeur<\/em>, 07\/02\/21) et celui de <em>Contrepoints<\/em>, <a href=\"https:\/\/www.contrepoints.org\/2020\/12\/14\/386536-un-type-de-personnalite-la-tendance-a-se-victimisation\">\u00ab\u00a0Un type de personnalit\u00e9 : la tendance \u00e0 se victimiser\u00a0\u00bb<\/a> (14\/12\/20). Comme attendu, le victimisme \u00e9tant son fonds de commerce, la presse de gauche ne se bouscule pas pour r\u00e9percuter l&rsquo;\u00e9tude. <\/p>\n\n\n\n<p>Cette m\u00e9ta-analyse (synth\u00e9tisant huit \u00e9tudes), intitul\u00e9e <a href=\"https:\/\/www.sciencedirect.com\/science\/article\/abs\/pii\/S0191886920303238?via%3Dihub#!\">\u00ab\u00a0La tendance \u00e0 la victimisation interpersonnelle (TVI) : la construction de la personnalit\u00e9 et ses cons\u00e9quences\u00a0\u00bb<\/a>, parue dans <em>Personal and Individual Differences<\/em> (15\/10\/20), fait ressortir que la TVI se caract\u00e9rise par quatre dimensions : l<em>a rumination, le besoin de reconnaissance, l\u2019\u00e9litisme moral et le manque d\u2019empathie<\/em>. Il n&rsquo;est de plus pas n\u00e9cessaire d&rsquo;avoir r\u00e9ellement v\u00e9cu de traumatisme pour d\u00e9velopper cette construction de la personnalit\u00e9. Pour qui conna\u00eet un peu les structures mentales du f\u00e9minisme, il est ais\u00e9 de les reconnaitre derri\u00e8re ces quatre points :<\/p>\n\n\n\n<ul class=\"wp-block-list\"><li><strong> La rumination <\/strong><\/li><\/ul>\n\n\n\n<p>La rumination, que l&rsquo;on peut aussi aborder sous l&rsquo;angle du ressentiment, est le trait de personnalit\u00e9 le plus caract\u00e9ristique des n\u00e9o-f\u00e9ministes. La f\u00e9ministe victimaire d&rsquo;aujourd&rsquo;hui, qui d\u00e9balle dans les m\u00e9dias apr\u00e8s 10, 20, 30 ou 40 ans ses vieilles rancoeurs jamais d\u00e9pass\u00e9es ou ses envies de vengeance ressass\u00e9es jusqu&rsquo;\u00e0 plus soif, a toujours comme ressort de son passage \u00e0 l&rsquo;acte <em>la jalousie<\/em> au cul verd\u00e2tre qui la ronge et la d\u00e9truit de l&rsquo;int\u00e9rieur depuis toujours. Cynthia Fleury a tr\u00e8s bien parl\u00e9 de ce ressentiment, en tous points applicable aux n\u00e9of\u00e9ministes, dans son livre <em><a href=\"http:\/\/www.gallimard.fr\/Catalogue\/GALLIMARD\/Blanche\/Ci-git-l-amer\">Ci-g\u00eet l&rsquo;amer. Gu\u00e9rir du ressentiment<\/a><\/em>, Paris, Gallimard, 2020.<\/p>\n\n\n\n<ul class=\"wp-block-list\"><li><strong>Le besoin de reconnaissance<\/strong><\/li><\/ul>\n\n\n\n<p>La personnalit\u00e9 TVI, comme la f\u00e9ministe, n&rsquo;a de cesse de hurler qu&rsquo;elle est une victime \u2013 et comme on le sait, la f\u00e9ministe est TOUJOURS VICTIME DE TOUT, surtout quand derri\u00e8re ce \u00ab\u00a0tout\u00a0\u00bb, il y a plus pr\u00e9cis\u00e9ment <em>un homme blanc<\/em> \u2013 et d&rsquo;exiger qu&rsquo;on lui reconnaisse un statut de victime tout aussi crucial que valorisant pour elle. \u00catre reconnue victime est devenu une occupation \u00e0 plein temps et m\u00eame un m\u00e9tier pour toute f\u00e9ministe victimaire professionnelle. Cette qu\u00eate victimaire fait \u00e9galement du f\u00e9minisme une forme de christianisme la\u00efc et un pendant de la th\u00e9ologie de l&rsquo;hostie (<em>hostia<\/em> signifie victime en latin). Les liens du f\u00e9minisme avec le puritanisme protestant ne sont par ailleurs plus \u00e0 d\u00e9montrer ; ils expliquent en particulier le discours bas\u00e9 sur la morale sexuelle des abolitionnistes (des n\u00e9o-victoriennes qui ne disent par leur nom).  Sur le sujet, voir <a href=\"https:\/\/eromakia.fr\/index.php\/neo-bigotes-et-chaisieres-deglise-les-feministes-et-la-religion\/\">[N\u00e9o-bigotes et chaisi\u00e8res d&rsquo;\u00e9glise] \u2013 Les f\u00e9ministes et la religion<\/a>.<\/p>\n\n\n\n<ul class=\"wp-block-list\"><li><strong>L\u2019\u00e9litisme moral<\/strong> <\/li><\/ul>\n\n\n\n<p>L&rsquo;\u00e9litisme moral consiste \u00e0 se pr\u00e9senter comme la blanche colombe, la victime expiatoire (= l&rsquo;hostie consacr\u00e9e), l&rsquo;innocence faite femme, la puret\u00e9 morale sans tache et j&rsquo;en passe \u2013 et, par contrecoup, \u00e0 diaboliser son adversaire et \u00e0 le pr\u00e9cipiter dans la fosse  du crime sexuel, du p\u00e9ch\u00e9 sans r\u00e9mission, de l&rsquo;immoralit\u00e9 sous toutes ses formes. Le n\u00e9of\u00e9minisme puritain, comme chacun peut le constater au quotidien, excelle dans ce trait de caract\u00e8re, faisant de tout comportement masculin exprimant le moindre d\u00e9sir sexuel ou amoureux un crime passible de la mort sociale imm\u00e9diate, sans autre forme de proc\u00e8s que celui du tribunal Twitter de la vertu offens\u00e9e. <\/p>\n\n\n\n<ul class=\"wp-block-list\"><li><strong>Le manque d\u2019empathie<\/strong><\/li><\/ul>\n\n\n\n<p>Ce dernier point est peut-\u00eatre le plus nouveau \u00e0 pouvoir \u00eatre appliqu\u00e9 aux n\u00e9o-f\u00e9ministes. Comme l&rsquo;\u00e9crit Peggy Sastre : \u00ab\u00a0Tout en exigeant de tout le monde une compassion absolue pour ses moindres bobos, on ne daigne se mettre dans la peau de personne. Un \u00ab&nbsp;tout m\u2019est d\u00fb&nbsp;\u00bb qui se transforme en \u00ab&nbsp;j\u2019ai tous les droits&nbsp;\u00bb, <em><strong>y compris et surtout de me comporter comme le dernier des psychopathes<\/strong><\/em>\u00a0\u00bb (sur ce th\u00e8me, voir aussi  <a href=\"https:\/\/eromakia.fr\/index.php\/2021\/05\/09\/feminisme-et-troubles-mentaux\/\">\u00ab\u00a0F\u00e9minisme et troubles mentaux\u00a0\u00bb<\/a>). Le narcissisme, l&rsquo;aigreur, la m\u00e9chancet\u00e9, la b\u00eatise et l&rsquo;inhumanit\u00e9 des f\u00e9ministes sont justement devenus leur pain quotidien. Misandrie et haine d\u00e9lirante d&rsquo;un c\u00f4t\u00e9  (on se contentera de citer le torchon d&rsquo;Harmange, <em>Moi, les hommes, je les d\u00e9teste<\/em>, 2020 \u2013 je ne mets pas le lien volontairement) ou cette toute r\u00e9cente apologie du crime par Ir\u00e8ne, <em>La Terreur f\u00e9ministe<\/em>, 2021, <a href=\"http:\/\/www.slate.fr\/story\/201090\/irene-terreur-feministe-bonnes-feuilles-violence-femmes-patriarcat-feminicides-viols-agressions\">qui appelle les femmes \u00e0 tuer des hommes<\/a>. Le n\u00e9o-f\u00e9minisme est donc en roue libre et a d\u00e9j\u00e0 bascul\u00e9 dans la folie avec, naturellement, le soutien des m\u00e9dias de gauche qui relaient complaisamment toute cette daube.<\/p>\n\n\n\n<p>En somme, il s&rsquo;agit bien, pour le ou la n\u00e9of\u00e9ministe, d&rsquo;<em>\u00eatre victime ou de ne pas \u00eatre<\/em>. Puisque hors de la victimisation, point de salut ou, plus pr\u00e9cis\u00e9ment, aucun micro qui se tend, aucune tribune dans <em>Mediapart<\/em> ou <em>Le Huff<\/em>, aucune invitation sur <em>France Culture<\/em>, aucune chance de vendre un mauvais livre de fausses lamentations \u00e9crites avec les pieds : \u00ab\u00a0Je suis ouin ouin ou je ne suis pas\u00a0\u00bb.<\/p>\n\n\n\n<ul class=\"wp-block-list\"><li>Petite pr\u00e9cision langagi\u00e8re : j&#8217;emploie \u00e0 dessein le n\u00e9ologisme de <em>victimitude<\/em> dans le titre de l&rsquo;article, tant il me para\u00eet illustrer \u00e0 merveille cette posture (ou attitude) n\u00e9of\u00e9ministe consistant \u00e0 se draper dans sa victimit\u00e9 et \u00e0 en faire des caisses. <a href=\"https:\/\/www.lepoint.fr\/politique\/derniere-journee-de-campagne-officielle-tendue-a-la-rochelle-pour-royal-circo1701-15-06-2012-1473976_20.php\">Olivier Falorni l&rsquo;avait utilis\u00e9 en 2012 contre S\u00e9gol\u00e8ne Royal<\/a> (une proto-n\u00e9of\u00e9ministe, justement \u2013  je rappelle que Najat Vallaud-Belkacem \u00e9tait sa porte-parole lors de la campagne pr\u00e9sidentielle de 2007) en parodiant sa c\u00e9l\u00e8bre \u00ab\u00a0bravitude\u00a0\u00bb : &nbsp;\u00ab\u00a0je voudrais aussi que cesse d\u00e9sormais la strat\u00e9gie de la victimisation, ou pour \u00eatre plus pr\u00e9cis dans les mots, de la +victimitude+\u00a0\u00bb.<\/li><\/ul>\n\n\n\n<p>Sur le m\u00eame sujet : <\/p>\n\n\n\n<p>. Cory Clark, \u00ab\u00a0<a href=\"https:\/\/quillette.com\/2021\/02\/27\/the-evolutionary-advantages-of-playing-victim\/\">The Evolutionary Advantages of Playing Victim<\/a>\u00a0\u00bb (<em>Quillette<\/em>, 27\/02\/21). Traduction par Peggy Sastre, <a href=\"https:\/\/www.lepoint.fr\/debats\/il-existe-des-avantages-a-se-faire-passer-pour-une-victime-06-03-2021-2416645_2.php#xtor=CS2-238\">\u00ab\u00a0Il existe des avantages \u00e0 se faire passer pour une victime\u00a0\u00bb<\/a> (<em>Le Point<\/em>, 6\/03\/21)<\/p>\n\n\n\n<p>. Peggy Sastre, <a href=\"https:\/\/www.causeur.fr\/muriel-salmona-amnesie-tramatique-viols-192816\">\u00ab\u00a0Muriel Salmona: la psy qui traumatise\u00a0\u00bb<\/a> (<em>Causeur<\/em>, 10\/03\/21) :  La promotrice de la notion d&rsquo;amn\u00e9sie traumatique est une femme dangereuse.<\/p>\n\n\n\n<ul class=\"wp-block-list\"><li><strong>Voir aussi :<\/strong><\/li><\/ul>\n\n\n\n<p>. \u00ab\u00a0<a href=\"https:\/\/atlantico.fr\/article\/decryptage\/la-victimisation-cette-arme-pour-psychopathes-plusieurs-etudes-realisees-par-des-psychiatres-revelent-les-dangers-poses-par-les-exces-de-la-culture-woke-sabineprokhoris-michael-shellenberger\">La victimisation, cette arme pour psychopathes ? Plusieurs \u00e9tudes r\u00e9alis\u00e9es par des psychiatres r\u00e9v\u00e8lent les dangers pos\u00e9s par les exc\u00e8s de la culture woke\u00a0\u00bb<\/a>, entretien avec Sabine Prokhoris et et Michael Schellenberger (<em>Atlantico<\/em>, 30\/10\/2022), dont voici quelques extraits :<\/p>\n\n\n\n<p>\u00ab\u00a0&#8211; <strong>Dans votre dossier, vous citez Ginger Coy : \u00ab\u00a0Si une personne se plaint d&rsquo;\u00eatre une victime \u00e0 notre \u00e9poque narcissique, cela devrait \u00eatre un signal d&rsquo;alarme, car elle est probablement un agresseur\u00a0\u00bb. La corr\u00e9lation est-elle si forte ?<\/strong><em><strong>&nbsp;<\/strong><\/em> <\/p>\n\n\n\n<p> &#8211; <strong>Michael Shellenberger :<\/strong>&nbsp;Je pense que c&rsquo;est un point tr\u00e8s important que les psychologues, y compris Ginger Coy, soul\u00e8vent, \u00e0 savoir que si vous \u00eates une personne agressive, si vous cherchez \u00e0 dominer les autres, si vous cherchez \u00e0 obtenir un avantage en termes de pouvoir, \u00e0 vous engager dans un jeu de pouvoir, l&rsquo;une des fa\u00e7ons d&rsquo;y parvenir est de commencer par pr\u00e9tendre que vous \u00eates vous-m\u00eame opprim\u00e9 et victime. Cela permet de justifier vos propres comportements agressifs. Nous devrions donc \u00eatre tr\u00e8s inquiets lorsque nous commen\u00e7ons \u00e0 entendre des personnes s&rsquo;engager dans ce genre de rh\u00e9torique victimaire, d\u00e9crivant toutes les fa\u00e7ons dont elles sont victimes. Cela commence \u00e0 ressembler \u00e0 une justification de la vengeance. Bien s\u00fbr, le cycle de la vengeance est peut-\u00eatre la plus vieille histoire de la vie humaine. Une partie de ce que fait la civilisation est de nous sortir de ces cycles de vengeance. L&rsquo;histoire nous apprend que ces cycles sans fin de recherche de la vengeance entre les familles se sont finalement r\u00e9solus en un syst\u00e8me de justice p\u00e9nale o\u00f9 les \u00e9lites pouvaient contr\u00f4ler la violence et les \u00c9tats pouvaient monopoliser l&rsquo;usage l\u00e9gitime de la violence. C&rsquo;est la c\u00e9l\u00e8bre hypoth\u00e8se du sociologue Max Weber, mais on la retrouve \u00e9galement dans les travaux de Norbert Elias et d&rsquo;autres qui d\u00e9crivent le processus de civilisation. Le processus de civilisation consiste \u00e0 aller au-del\u00e0 de la recherche de la vengeance. C&rsquo;est aller au-del\u00e0 de la vengeance. Ce qui est donc tr\u00e8s inqui\u00e9tant, et devrait l&rsquo;\u00eatre particuli\u00e8rement pour les Europ\u00e9ens qui ont une histoire plus r\u00e9cente avec des mouvements politiques qui cherchent \u00e0 se venger, c&rsquo;est lorsque vous commencez \u00e0 entendre ces discussions sur la victimisation et les gens qui sont victimis\u00e9s et qu&rsquo;il faut une sorte de compensation. Cela sonne souvent comme un pr\u00e9texte \u00e0 l&rsquo;agression.<\/p>\n\n\n\n<p><strong>A quel point la culture victimaire que l\u2019on retrouve dans les mouvements woke est-elle propice \u00e0 l\u2019\u00e9mergence en son sein de figures narcissiques et ou psychopathes ? Comment l\u2019expliquer ?<\/strong><\/p>\n\n\n\n<p><strong>Sabine Prokhoris :&nbsp;<\/strong>En premier lieu il convient de souligner que l\u2019inflation de la posture victimaire que l\u2019on constate en effet dans le mouvement dit \u00ab woke \u00bb ne lui est pas propre. Cela fait d\u00e9j\u00e0 un certain nombre d\u2019ann\u00e9es que, dans le champ judiciaire notamment, on peut observer, s\u2019agissant des atteintes aux personnes, une tendance qui de plus en plus explicitement, veut mettre au centre du dispositif judiciaire non plus l\u2019auteur de l\u2019infraction, \u00e0 sanctionner \u00e0 partir d\u2019une \u00e9chelle des peines individualis\u00e9e et proportionn\u00e9e \u00e0 la qualification de l\u2019acte d\u00e9lictueux ou criminel, mais la victime et son \u00ab ressenti \u00bb. C\u2019est particuli\u00e8rement net s\u2019agissant des atteintes sexuelles, mais pas uniquement, comme le d\u00e9montrent les actuels proc\u00e8s en mati\u00e8re de terrorisme, et la fa\u00e7on dont la plupart des m\u00e9dias en rendent compte. Ainsi les habitants de la rue qui a \u00e9t\u00e9 le th\u00e9\u00e2tre de l\u2019assaut contre l\u2019appartement dans lequel s\u2019\u00e9tait repli\u00e9 un des terroristes du Bataclan se sont-ils eux aussi vu reconna\u00eetre le statut de victimes, avec tous les b\u00e9n\u00e9fices aff\u00e9rents. Face \u00e0 qui se dit \u00ab traumatis\u00e9 \u00bb, la soci\u00e9t\u00e9 aurait ainsi comme une dette infinie, que rien ne saurait solder. Ce qui ne laisse pas d\u2019interroger : pourquoi alors tel spectateur devant son \u00e9cran ne pourrait-il pas lui aussi s\u2019\u00eatre senti \u00ab traumatis\u00e9 \u00bb par les sc\u00e8nes terribles vues aux informations ? Quelle est la mesure du \u00ab traumatisme \u00bb, sinon l\u2019affirmation \u2013 une revendication parfois \u2013 d\u2019un ressenti subjectif, dimension illimit\u00e9e \u00e0 l\u2019aune de laquelle devrait \u00eatre d\u00e9finie la position de victime&nbsp;? On comprend qu\u2019il y ait l\u00e0 une source de confusion&nbsp;: si la seule empathie \u2013 passion \u00e9minemment nombriliste d\u00e8s lors qu\u2019elle n&rsquo;est pas tenue en bride \u2013 doit gouverner l\u2019appr\u00e9ciation d\u2019un dol, comment \u00e9tablir distinctions, responsabilit\u00e9s, limites&nbsp;? Comment pr\u00e9server les principes fondamentaux de l\u2019\u00c9tat de droit \u2013 pr\u00e9somption d\u2019innocence, prescription, pr\u00e9servation des droits de la d\u00e9fense \u2013, fortement mis \u00e0 mal notamment dans la revendication d\u2019une exception sexuelle du droit, \u00e0 laquelle on assiste aujourd\u2019hui au nom de la parole sacr\u00e9e des \u00ab&nbsp;victimes&nbsp;\u00bb et de leur ingu\u00e9rissable \u00ab&nbsp;traumatisme&nbsp;\u00bb&nbsp;?<\/p>\n\n\n\n<p>Le wokisme r\u00e9alise l\u2019accord parfait, en forme de cercle narcissique, entre la \u00ab&nbsp;victime&nbsp;\u00bb, d\u2019autant plus absolue (absolutiste) qu\u2019elle est cens\u00e9e \u00eatre \u00ab&nbsp;syst\u00e9mique&nbsp;\u00bb, et la belle \u00e2me qui promet la r\u00e9paration sans fin. Il fait fonds sur cette extension du domaine de la \u00ab&nbsp;victimitude&nbsp;\u00bb, et substitue \u00e0 l\u2019exigence d\u2019appr\u00e9ciation pr\u00e9cise des cas singuliers une th\u00e9orie de l\u2019oppression \u00ab&nbsp;syst\u00e9mique&nbsp;\u00bb, aux termes de laquelle la victime, essentialis\u00e9e de par sa situation dans la m\u00e9canique de la domination (parce que femme, \u00ab&nbsp;racis\u00e9&nbsp;\u00bb, etc), aura de ce fait tous les droits.<\/p>\n\n\n\n<p>Pour finir, donc, de r\u00e9pondre \u00e0 votre question, je n\u2019utiliserai pas pour ma part, sur ce sujet, des cat\u00e9gories aussi fig\u00e9es (\u00ab&nbsp;figures narcissiques&nbsp;\u00bb, \u00ab&nbsp;psychopathes&nbsp;\u00bb), ce serait une vision trop simpliste. Mais on con\u00e7oit que la toute-puissance victimaire en roue libre puisse autoriser le d\u00e9cha\u00eenement de comportements pour le moins probl\u00e9matiques. En t\u00e9moigne, par exemple, la satisfaction assez trouble, pour ne pas dire la jouissance d\u00e9sinhib\u00e9e que manifestent les accusatrices-lyncheuses de diff\u00e9rentes cibles du mouvement #MeToo \u2013 mais aussi le public, sollicit\u00e9 dans ses penchants voyeuristes les moins reluisants. Cela au nom du \u00ab&nbsp;Bien&nbsp;\u00bb, du redressement politico-moral de la soci\u00e9t\u00e9, et justifi\u00e9 par les \u00ab&nbsp;traumatismes&nbsp;\u00bb all\u00e9gu\u00e9s qui rendent d\u00e9finitivement sacr\u00e9e toute affirmation victimaire. Peut-\u00eatre certaines accusatrices ou plaignantes ont-elles \u00e9t\u00e9 effectivement victimes d\u2019infractions caract\u00e9ris\u00e9es. Mais aucune accusation ne peut valoir preuve, il est l\u00e9gitime qu\u2019un mis en cause puisse se d\u00e9fendre, et rien ne saurait justifier, dans une soci\u00e9t\u00e9 civilis\u00e9e, pareilles ex\u00e9cutions publiques.<\/p>\n\n\n\n<p><strong>Comment expliquer que les mouvements de luttes sociales et soci\u00e9tales actuelles favorisent l&rsquo;\u00e9mergence de ce genre de figure ?<\/strong><\/p>\n\n\n\n<p><strong>Sabine Prokhoris :<\/strong>&nbsp;Je ne le dirais pas en ces termes, il s\u2019agit d\u2019une cat\u00e9gorisation trop vague \u00e0 mes yeux, et surtout d\u2019une causalit\u00e9 trop m\u00e9canique. C\u2019est aussi caricatural et insatisfaisant au bout du compte que les cat\u00e9gories \u00ab woke \u00bb, fabriqu\u00e9es de toutes pi\u00e8ces. Cela n\u2019apporte rien \u00e0 la r\u00e9flexion de fonctionner en miroir de ce que l\u2019on critique.<\/p>\n\n\n\n<p>Il est clair cependant, comme je l\u2019expliquais \u00e0 l\u2019instant, que les identit\u00e9s-victimes, d\u00e9finies par leur situation dans un \u00ab&nbsp;syst\u00e8me&nbsp;\u00bb d\u2019oppression, ind\u00e9pendamment de ce que telle ou telle personne aurait effectivement subi comme agression, ont le vent en poupe. Or comme, au-del\u00e0 des situations singuli\u00e8res, elles sont cens\u00e9es porter une lutte politique \u00ab&nbsp;r\u00e9volutionnaire&nbsp;\u00bb hautement valoris\u00e9e, et que l\u2019horizon n\u2019est pas l\u2019\u00e9mancipation mais le retournement de la domination (et de la violence all\u00e9gu\u00e9e), l\u2019assouvissement sans frein des pulsions les moins avouables et les plus violentes s\u2019en trouve l\u00e9gitim\u00e9. Comme le soulignait Freud dans <em>Malaise dans la civilisation<\/em> au sujet de l\u2019ob\u00e9issance \u00e0 des valeurs re\u00e7ues comme sup\u00e9rieurement \u00e9thiques \u2013 et le militantisme woke revendique bruyamment cela \u2013, pareille soumission \u00ab a&nbsp;la signification d\u2019un pr\u00e9judice port\u00e9 \u00e0 la civilisation, car cette ob\u00e9issance encourage directement la m\u00e9chancet\u00e9&nbsp;\u00bb. En d\u2019autres termes&nbsp;: fait droit \u00e0 la volont\u00e9 de nuire.<\/p>\n\n\n\n<p><strong>Comment la victimisation est-elle utilis\u00e9e comme une arme par les psychopathes ou narcissiques ?<\/strong><\/p>\n\n\n\n<p><strong>Sabine Prokhoris :<\/strong>&nbsp;Encore une fois, je r\u00e9cuse ces g\u00e9n\u00e9ralisations impr\u00e9cises. On n\u2019a d\u2019ailleurs pas besoin ici de telles cat\u00e9gories. Car avec ou sans wokisme, ceux que l\u2019on pourrait \u00e9ventuellement d\u00e9signer cliniquement comme \u00ab psychopathes \u00bb n\u2019ont nul besoin du wokisme pour l\u2019\u00eatre. N\u2019importe qui, et sans \u00eatre n\u00e9cessairement \u00ab psychopathe \u00bb, rec\u00e8le en lui la tentation \u2013 narcissique en effet, mais aussi source d\u2019enfermement subjectif parfois tragique dans un destin de victime \u00e9ternelle \u2013 d\u2019utiliser cette arme, que le psychanalyste et disciple de Freud Sandor Ferenczi, auteur qui a beaucoup travaill\u00e9 sur la question du traumatisme justement, d\u00e9finissait comme le \u00ab le terrorisme de la souffrance \u00bb. Ce terrorisme de la souffrance est une source d\u2019abus illimit\u00e9s. Et ce qui est pr\u00e9occupant est que, loin d\u2019\u00eatre inhib\u00e9 par la civilit\u00e9 commune, il est en passe de devenir une norme.<\/p>\n\n\n\n<p><strong>Que savons-nous de l\u2019\u00e9tat de la litt\u00e9rature en psychologie et en psychiatrie sur ces questions&nbsp;?<\/strong><\/p>\n\n\n\n<p><strong>Sabine Prokhoris : <\/strong>Je dirais qu\u2019il vaut mieux lire aujourd\u2019hui Freud ou Ferenczi plut\u00f4t que la cohorte de \u00ab victimologues \u00bb, au premier rang desquels la psychiatre et militante Muriel Salmona, dont les th\u00e9ories douteuses sont devenues la doxa officielle en la mati\u00e8re, hors de tout d\u00e9bat clinique et scientifique digne de ce nom.<\/p>\n\n\n\n<p><strong>A quel point est-ce un ph\u00e9nom\u00e8ne potentiellement dangereux pour la soci\u00e9t\u00e9 ?<\/strong><\/p>\n\n\n\n<p><strong>Sabine Prokhoris :<\/strong>&nbsp;Pour pr\u00e9ciser ce que j\u2019ai d\u00e9velopp\u00e9 plus haut, c\u2019est dangereux parce que cela constitue un ferment de guerre (identitaire) de tous contre tous, sans apaisement possible. Et parce que, au lieu de pacifier la violence inh\u00e9rente aux rapports humains, \u00e7a l\u2019attise au contraire. Personne n\u2019a rien \u00e0 y gagner \u2013 et certainement pas les victimes effectives, que cette id\u00e9ologie rive \u00e0 ce qu\u2019elles ont subi, les enjoignant d\u2019en faire un \u00e9tendard \u00e0 ne jamais l\u00e2cher. Et quant aux victimes imaginaires, captives d\u2019une mission \u00e0 laquelle elles sont somm\u00e9es d\u2019adh\u00e9rer, cela aboutit pour elles \u00e0 une ali\u00e9nation pire encore. Bien triste apostolat\u2026\u00a0\u00bb<\/p>\n\n\n\n<p>[\u00e0 suivre&#8230;]<\/p>\n\n\n\n<ul class=\"wp-block-list\"><li><strong>Voir aussi :<\/strong><\/li><li><em>Victimisation et \u00ab\u00a0charge mentale\u00a0\u00bb :<\/em><\/li><\/ul>\n\n\n\n<figure class=\"wp-block-embed is-type-wp-embed is-provider-eromakia wp-block-embed-eromakia\"><div class=\"wp-block-embed__wrapper\">\n<blockquote class=\"wp-embedded-content\" data-secret=\"cVS9dsQUK2\"><a href=\"https:\/\/eromakia.fr\/index.php\/2021\/02\/04\/debiles-mentales-les-feministes-et-la-charge-mentale\/\">[Victimes professionnelles] \u2013 Les f\u00e9ministes et la \u00ab\u00a0charge mentale\u00a0\u00bb<\/a><\/blockquote><iframe loading=\"lazy\" class=\"wp-embedded-content\" sandbox=\"allow-scripts\" security=\"restricted\" style=\"position: absolute; clip: rect(1px, 1px, 1px, 1px);\" title=\"\u00ab\u00a0[Victimes professionnelles] \u2013 Les f\u00e9ministes et la \u00ab\u00a0charge mentale\u00a0\u00bb\u00a0\u00bb &#8212; Eromakia\" src=\"https:\/\/eromakia.fr\/index.php\/2021\/02\/04\/debiles-mentales-les-feministes-et-la-charge-mentale\/embed\/#?secret=BdCjlAiw0O#?secret=cVS9dsQUK2\" data-secret=\"cVS9dsQUK2\" width=\"525\" height=\"296\" frameborder=\"0\" marginwidth=\"0\" marginheight=\"0\" scrolling=\"no\"><\/iframe>\n<\/div><\/figure>\n\n\n\n<ul class=\"wp-block-list\"><li><em>Le d\u00e9sastre de l&rsquo;id\u00e9ologie victimaire f\u00e9ministe dans les universit\u00e9s: <\/em><\/li><\/ul>\n\n\n\n<figure class=\"wp-block-embed is-type-wp-embed is-provider-eromakia wp-block-embed-eromakia\"><div class=\"wp-block-embed__wrapper\">\n<blockquote class=\"wp-embedded-content\" data-secret=\"8R0qUjufAL\"><a href=\"https:\/\/eromakia.fr\/index.php\/2019\/06\/20\/warren-shibles-tous-les-hommes-oppriment-toutes-les-femmes-tout-le-temps\/\">[Parano\u00efa f\u00e9ministe] \u2013 \u00ab\u00a0Tous les hommes oppriment toutes les femmes tout le temps\u00a0\u00bb<\/a><\/blockquote><iframe loading=\"lazy\" class=\"wp-embedded-content\" sandbox=\"allow-scripts\" security=\"restricted\" style=\"position: absolute; clip: rect(1px, 1px, 1px, 1px);\" title=\"\u00ab\u00a0[Parano\u00efa f\u00e9ministe] \u2013 \u00ab\u00a0Tous les hommes oppriment toutes les femmes tout le temps\u00a0\u00bb\u00a0\u00bb &#8212; Eromakia\" src=\"https:\/\/eromakia.fr\/index.php\/2019\/06\/20\/warren-shibles-tous-les-hommes-oppriment-toutes-les-femmes-tout-le-temps\/embed\/#?secret=L1cTIDqfyU#?secret=8R0qUjufAL\" data-secret=\"8R0qUjufAL\" width=\"525\" height=\"296\" frameborder=\"0\" marginwidth=\"0\" marginheight=\"0\" scrolling=\"no\"><\/iframe>\n<\/div><\/figure>\n\n\n\n<ul class=\"wp-block-list\"><li><a href=\"https:\/\/eromakia.fr\/index.php\/2019\/03\/01\/manon-garcia-philosophe-soumise-a-lideologie-victimaire\/\">Manon Garcia ou la \u00ab&nbsp;philosophie&nbsp;\u00bb soumise \u00e0 l\u2019id\u00e9ologie victimaire<\/a><\/li><\/ul>\n\n\n\n<p><em>Le f\u00e9minisme victimaire et l&rsquo;art<\/em><\/p>\n\n\n\n<figure class=\"wp-block-embed is-type-wp-embed is-provider-eromakia wp-block-embed-eromakia\"><div class=\"wp-block-embed__wrapper\">\n<blockquote class=\"wp-embedded-content\" data-secret=\"2QIpq8RVtC\"><a href=\"https:\/\/eromakia.fr\/index.php\/2020\/08\/06\/fonctionnaires-de-la-victimitude-le-feminisme-anti-art\/\">[Fonctionnaires de la victimitude] \u2013 Le f\u00e9minisme anti-art<\/a><\/blockquote><iframe loading=\"lazy\" class=\"wp-embedded-content\" sandbox=\"allow-scripts\" security=\"restricted\" style=\"position: absolute; clip: rect(1px, 1px, 1px, 1px);\" title=\"\u00ab\u00a0[Fonctionnaires de la victimitude] \u2013 Le f\u00e9minisme anti-art\u00a0\u00bb &#8212; Eromakia\" src=\"https:\/\/eromakia.fr\/index.php\/2020\/08\/06\/fonctionnaires-de-la-victimitude-le-feminisme-anti-art\/embed\/#?secret=Q6vgF5qHZ8#?secret=2QIpq8RVtC\" data-secret=\"2QIpq8RVtC\" width=\"525\" height=\"296\" frameborder=\"0\" marginwidth=\"0\" marginheight=\"0\" scrolling=\"no\"><\/iframe>\n<\/div><\/figure>\n\n\n\n<ul class=\"wp-block-list\"><li><em>Victimiser les femmes islamistes est une grosse erreur :<\/em><\/li><\/ul>\n\n\n\n<figure class=\"wp-block-embed is-type-wp-embed is-provider-eromakia wp-block-embed-eromakia\"><div class=\"wp-block-embed__wrapper\">\n<blockquote class=\"wp-embedded-content\" data-secret=\"JSYzhH2Ufe\"><a href=\"https:\/\/eromakia.fr\/index.php\/2019\/05\/27\/paula-wright-en-defense-du-patriarcat-reforme\/\">[Paula Wright] \u2013 Pour la d\u00e9fense d&rsquo;un \u00ab\u00a0patriarcat\u00a0\u00bb r\u00e9form\u00e9<\/a><\/blockquote><iframe loading=\"lazy\" class=\"wp-embedded-content\" sandbox=\"allow-scripts\" security=\"restricted\" style=\"position: absolute; clip: rect(1px, 1px, 1px, 1px);\" title=\"\u00ab\u00a0[Paula Wright] \u2013 Pour la d\u00e9fense d&rsquo;un \u00ab\u00a0patriarcat\u00a0\u00bb r\u00e9form\u00e9\u00a0\u00bb &#8212; Eromakia\" src=\"https:\/\/eromakia.fr\/index.php\/2019\/05\/27\/paula-wright-en-defense-du-patriarcat-reforme\/embed\/#?secret=Rpv81hrrZK#?secret=JSYzhH2Ufe\" data-secret=\"JSYzhH2Ufe\" width=\"525\" height=\"296\" frameborder=\"0\" marginwidth=\"0\" marginheight=\"0\" scrolling=\"no\"><\/iframe>\n<\/div><\/figure>\n\n\n\n<p><\/p>\n","protected":false},"excerpt":{"rendered":"<p>Le n\u00e9o-f\u00e9minisme victimaire est en train de pousser le culte narcissique de la victimisation jusqu&rsquo;\u00e0 des sommets jamais atteints. Apr\u00e8s l&rsquo;\u00e9vocation d&rsquo;une \u00e9tude r\u00e9cente sur la psychologie de la victimisation, cette page-portail renverra \u00e0 diff\u00e9rents articles d\u00e9crivant la nouvelle religion la\u00efque qu&rsquo;est devenu le f\u00e9minisme victimaire. On peut d\u00e9j\u00e0 lire deux comptes-rendus en fran\u00e7ais de &hellip; <\/p>\n<p class=\"link-more\"><a href=\"https:\/\/eromakia.fr\/index.php\/etre-victime-ou-ne-pas-etre-feminisme-et-victimitude\/\" class=\"more-link\">Continuer la lecture<span class=\"screen-reader-text\"> de &laquo;&nbsp;[\u00catre victime ou ne pas \u00eatre] \u2013 F\u00e9minisme et victimitude&nbsp;&raquo;<\/span><\/a><\/p>\n","protected":false},"author":1,"featured_media":11803,"parent":0,"menu_order":0,"comment_status":"open","ping_status":"closed","template":"","meta":{"footnotes":""},"class_list":["post-11788","page","type-page","status-publish","has-post-thumbnail","hentry"],"yoast_head":"<!-- This site is optimized with the Yoast SEO plugin v21.3 - https:\/\/yoast.com\/wordpress\/plugins\/seo\/ -->\n<title>[\u00catre victime ou ne pas \u00eatre] \u2013 F\u00e9minisme et victimitude - Eromakia<\/title>\n<meta name=\"robots\" content=\"index, follow, max-snippet:-1, max-image-preview:large, max-video-preview:-1\" \/>\n<link rel=\"canonical\" href=\"https:\/\/eromakia.fr\/index.php\/etre-victime-ou-ne-pas-etre-feminisme-et-victimitude\/\" \/>\n<meta property=\"og:locale\" content=\"fr_FR\" \/>\n<meta property=\"og:type\" content=\"article\" \/>\n<meta property=\"og:title\" content=\"[\u00catre victime ou ne pas \u00eatre] \u2013 F\u00e9minisme et victimitude - Eromakia\" \/>\n<meta property=\"og:description\" content=\"Le n\u00e9o-f\u00e9minisme victimaire est en train de pousser le culte narcissique de la victimisation jusqu&rsquo;\u00e0 des sommets jamais atteints. Apr\u00e8s l&rsquo;\u00e9vocation d&rsquo;une \u00e9tude r\u00e9cente sur la psychologie de la victimisation, cette page-portail renverra \u00e0 diff\u00e9rents articles d\u00e9crivant la nouvelle religion la\u00efque qu&rsquo;est devenu le f\u00e9minisme victimaire. On peut d\u00e9j\u00e0 lire deux comptes-rendus en fran\u00e7ais de &hellip; Continuer la lecture de &laquo;&nbsp;[\u00catre victime ou ne pas \u00eatre] \u2013 F\u00e9minisme et victimitude&nbsp;&raquo;\" \/>\n<meta property=\"og:url\" content=\"https:\/\/eromakia.fr\/index.php\/etre-victime-ou-ne-pas-etre-feminisme-et-victimitude\/\" \/>\n<meta property=\"og:site_name\" content=\"Eromakia\" \/>\n<meta property=\"article:modified_time\" content=\"2023-01-26T20:24:46+00:00\" \/>\n<meta property=\"og:image\" content=\"https:\/\/eromakia.fr\/wp-content\/uploads\/2021\/02\/femme-larmes-verre.jpg\" \/>\n\t<meta property=\"og:image:width\" content=\"1600\" \/>\n\t<meta property=\"og:image:height\" content=\"1113\" \/>\n\t<meta property=\"og:image:type\" content=\"image\/jpeg\" \/>\n<meta name=\"twitter:card\" content=\"summary_large_image\" \/>\n<meta name=\"twitter:label1\" content=\"Dur\u00e9e de lecture estim\u00e9e\" \/>\n\t<meta name=\"twitter:data1\" content=\"11 minutes\" \/>\n<script type=\"application\/ld+json\" class=\"yoast-schema-graph\">{\"@context\":\"https:\/\/schema.org\",\"@graph\":[{\"@type\":\"WebPage\",\"@id\":\"https:\/\/eromakia.fr\/index.php\/etre-victime-ou-ne-pas-etre-feminisme-et-victimitude\/\",\"url\":\"https:\/\/eromakia.fr\/index.php\/etre-victime-ou-ne-pas-etre-feminisme-et-victimitude\/\",\"name\":\"[\u00catre victime ou ne pas \u00eatre] \u2013 F\u00e9minisme et victimitude - Eromakia\",\"isPartOf\":{\"@id\":\"https:\/\/eromakia.fr\/#website\"},\"datePublished\":\"2021-02-15T09:57:42+00:00\",\"dateModified\":\"2023-01-26T20:24:46+00:00\",\"breadcrumb\":{\"@id\":\"https:\/\/eromakia.fr\/index.php\/etre-victime-ou-ne-pas-etre-feminisme-et-victimitude\/#breadcrumb\"},\"inLanguage\":\"fr-FR\",\"potentialAction\":[{\"@type\":\"ReadAction\",\"target\":[\"https:\/\/eromakia.fr\/index.php\/etre-victime-ou-ne-pas-etre-feminisme-et-victimitude\/\"]}]},{\"@type\":\"BreadcrumbList\",\"@id\":\"https:\/\/eromakia.fr\/index.php\/etre-victime-ou-ne-pas-etre-feminisme-et-victimitude\/#breadcrumb\",\"itemListElement\":[{\"@type\":\"ListItem\",\"position\":1,\"name\":\"Accueil\",\"item\":\"https:\/\/eromakia.fr\/\"},{\"@type\":\"ListItem\",\"position\":2,\"name\":\"[\u00catre victime ou ne pas \u00eatre] \u2013 F\u00e9minisme et victimitude\"}]},{\"@type\":\"WebSite\",\"@id\":\"https:\/\/eromakia.fr\/#website\",\"url\":\"https:\/\/eromakia.fr\/\",\"name\":\"Eromakia\",\"description\":\"Art, Love and Fight Chronicles\",\"potentialAction\":[{\"@type\":\"SearchAction\",\"target\":{\"@type\":\"EntryPoint\",\"urlTemplate\":\"https:\/\/eromakia.fr\/?s={search_term_string}\"},\"query-input\":\"required name=search_term_string\"}],\"inLanguage\":\"fr-FR\"}]}<\/script>\n<!-- \/ Yoast SEO plugin. -->","yoast_head_json":{"title":"[\u00catre victime ou ne pas \u00eatre] \u2013 F\u00e9minisme et victimitude - Eromakia","robots":{"index":"index","follow":"follow","max-snippet":"max-snippet:-1","max-image-preview":"max-image-preview:large","max-video-preview":"max-video-preview:-1"},"canonical":"https:\/\/eromakia.fr\/index.php\/etre-victime-ou-ne-pas-etre-feminisme-et-victimitude\/","og_locale":"fr_FR","og_type":"article","og_title":"[\u00catre victime ou ne pas \u00eatre] \u2013 F\u00e9minisme et victimitude - Eromakia","og_description":"Le n\u00e9o-f\u00e9minisme victimaire est en train de pousser le culte narcissique de la victimisation jusqu&rsquo;\u00e0 des sommets jamais atteints. Apr\u00e8s l&rsquo;\u00e9vocation d&rsquo;une \u00e9tude r\u00e9cente sur la psychologie de la victimisation, cette page-portail renverra \u00e0 diff\u00e9rents articles d\u00e9crivant la nouvelle religion la\u00efque qu&rsquo;est devenu le f\u00e9minisme victimaire. On peut d\u00e9j\u00e0 lire deux comptes-rendus en fran\u00e7ais de &hellip; Continuer la lecture de &laquo;&nbsp;[\u00catre victime ou ne pas \u00eatre] \u2013 F\u00e9minisme et victimitude&nbsp;&raquo;","og_url":"https:\/\/eromakia.fr\/index.php\/etre-victime-ou-ne-pas-etre-feminisme-et-victimitude\/","og_site_name":"Eromakia","article_modified_time":"2023-01-26T20:24:46+00:00","og_image":[{"width":1600,"height":1113,"url":"https:\/\/eromakia.fr\/wp-content\/uploads\/2021\/02\/femme-larmes-verre.jpg","type":"image\/jpeg"}],"twitter_card":"summary_large_image","twitter_misc":{"Dur\u00e9e de lecture estim\u00e9e":"11 minutes"},"schema":{"@context":"https:\/\/schema.org","@graph":[{"@type":"WebPage","@id":"https:\/\/eromakia.fr\/index.php\/etre-victime-ou-ne-pas-etre-feminisme-et-victimitude\/","url":"https:\/\/eromakia.fr\/index.php\/etre-victime-ou-ne-pas-etre-feminisme-et-victimitude\/","name":"[\u00catre victime ou ne pas \u00eatre] \u2013 F\u00e9minisme et victimitude - Eromakia","isPartOf":{"@id":"https:\/\/eromakia.fr\/#website"},"datePublished":"2021-02-15T09:57:42+00:00","dateModified":"2023-01-26T20:24:46+00:00","breadcrumb":{"@id":"https:\/\/eromakia.fr\/index.php\/etre-victime-ou-ne-pas-etre-feminisme-et-victimitude\/#breadcrumb"},"inLanguage":"fr-FR","potentialAction":[{"@type":"ReadAction","target":["https:\/\/eromakia.fr\/index.php\/etre-victime-ou-ne-pas-etre-feminisme-et-victimitude\/"]}]},{"@type":"BreadcrumbList","@id":"https:\/\/eromakia.fr\/index.php\/etre-victime-ou-ne-pas-etre-feminisme-et-victimitude\/#breadcrumb","itemListElement":[{"@type":"ListItem","position":1,"name":"Accueil","item":"https:\/\/eromakia.fr\/"},{"@type":"ListItem","position":2,"name":"[\u00catre victime ou ne pas \u00eatre] \u2013 F\u00e9minisme et victimitude"}]},{"@type":"WebSite","@id":"https:\/\/eromakia.fr\/#website","url":"https:\/\/eromakia.fr\/","name":"Eromakia","description":"Art, Love and Fight Chronicles","potentialAction":[{"@type":"SearchAction","target":{"@type":"EntryPoint","urlTemplate":"https:\/\/eromakia.fr\/?s={search_term_string}"},"query-input":"required name=search_term_string"}],"inLanguage":"fr-FR"}]}},"_links":{"self":[{"href":"https:\/\/eromakia.fr\/index.php\/wp-json\/wp\/v2\/pages\/11788","targetHints":{"allow":["GET"]}}],"collection":[{"href":"https:\/\/eromakia.fr\/index.php\/wp-json\/wp\/v2\/pages"}],"about":[{"href":"https:\/\/eromakia.fr\/index.php\/wp-json\/wp\/v2\/types\/page"}],"author":[{"embeddable":true,"href":"https:\/\/eromakia.fr\/index.php\/wp-json\/wp\/v2\/users\/1"}],"replies":[{"embeddable":true,"href":"https:\/\/eromakia.fr\/index.php\/wp-json\/wp\/v2\/comments?post=11788"}],"version-history":[{"count":70,"href":"https:\/\/eromakia.fr\/index.php\/wp-json\/wp\/v2\/pages\/11788\/revisions"}],"predecessor-version":[{"id":23269,"href":"https:\/\/eromakia.fr\/index.php\/wp-json\/wp\/v2\/pages\/11788\/revisions\/23269"}],"wp:featuredmedia":[{"embeddable":true,"href":"https:\/\/eromakia.fr\/index.php\/wp-json\/wp\/v2\/media\/11803"}],"wp:attachment":[{"href":"https:\/\/eromakia.fr\/index.php\/wp-json\/wp\/v2\/media?parent=11788"}],"curies":[{"name":"wp","href":"https:\/\/api.w.org\/{rel}","templated":true}]}}